{"id":2336,"date":"2024-03-11T19:30:31","date_gmt":"2024-03-11T19:30:31","guid":{"rendered":"http:\/\/www.salonmanifest.ro\/?page_id=648"},"modified":"2024-05-28T10:02:51","modified_gmt":"2024-05-28T10:02:51","slug":"vopsit-ombre","status":"publish","type":"page","link":"https:\/\/salonmanifest.ro\/?page_id=2336","title":{"rendered":"VOPSIT OMBRE"},"content":{"rendered":"<p>[et_pb_section fb_built=&#8221;1&#8243; _builder_version=&#8221;4.25.1&#8243; background_color=&#8221;#69533e&#8221; global_colors_info=&#8221;{}&#8221;][et_pb_row _builder_version=&#8221;4.25.1&#8243; _module_preset=&#8221;default&#8221; global_colors_info=&#8221;{}&#8221;][et_pb_column type=&#8221;4_4&#8243; _builder_version=&#8221;4.25.1&#8243; _module_preset=&#8221;default&#8221; global_colors_info=&#8221;{}&#8221;][et_pb_heading title=&#8221;Vopsit Ombre&#8221; _builder_version=&#8221;4.25.1&#8243; _module_preset=&#8221;default&#8221; title_text_align=&#8221;center&#8221; title_text_color=&#8221;#FFFFFF&#8221; global_colors_info=&#8221;{}&#8221;][\/et_pb_heading][\/et_pb_column][\/et_pb_row][\/et_pb_section][et_pb_section fb_built=&#8221;1&#8243; _builder_version=&#8221;4.16&#8243; global_colors_info=&#8221;{}&#8221;][et_pb_row _builder_version=&#8221;4.16&#8243; background_size=&#8221;initial&#8221; background_position=&#8221;top_left&#8221; background_repeat=&#8221;repeat&#8221; global_colors_info=&#8221;{}&#8221;][et_pb_column type=&#8221;4_4&#8243; _builder_version=&#8221;4.16&#8243; custom_padding=&#8221;|||&#8221; global_colors_info=&#8221;{}&#8221; custom_padding__hover=&#8221;|||&#8221;][et_pb_text _builder_version=&#8221;4.25.1&#8243; background_size=&#8221;initial&#8221; background_position=&#8221;top_left&#8221; background_repeat=&#8221;repeat&#8221; global_colors_info=&#8221;{}&#8221;]<\/p>\n<p style=\"text-align: center; font-weight: normal; font-size: 18px;\"><i><span style=\"font-weight: 400;\">\u00centotdeauna referin\u021b\u0103 pentru mod\u0103 \u0219i frumuse\u021be, Fran\u021ba este locul de origine al cuv\u00e2ntului \u201eombr\u00e9\u201d (pronun\u021bat \u201eom-bre\u201d). Av\u00e2nd sensul propriu de \u201eumbrit\u201d, acesta descrie o tehnic\u0103 de colorare a p\u0103rului, \u00een care o culoare de baz\u0103, mai \u00eenchis\u0103, este deschis\u0103 treptat, de-a lungul lungimii firului de p\u0103r (de obicei, \u00eencep\u00e2nd pe la jum\u0103tate lungimii), pentru a crea, spre v\u00e2rfurile p\u0103rului, un efect de \u201cluminare\u201d.<\/span><\/i><\/p>\n\n\t\t<style type=\"text\/css\">\n\t\t\t#gallery-1 {\n\t\t\t\tmargin: auto;\n\t\t\t}\n\t\t\t#gallery-1 .gallery-item {\n\t\t\t\tfloat: left;\n\t\t\t\tmargin-top: 10px;\n\t\t\t\ttext-align: center;\n\t\t\t\twidth: 50%;\n\t\t\t}\n\t\t\t#gallery-1 img {\n\t\t\t\tborder: 2px solid #cfcfcf;\n\t\t\t}\n\t\t\t#gallery-1 .gallery-caption {\n\t\t\t\tmargin-left: 0;\n\t\t\t}\n\t\t\t\/* see gallery_shortcode() in wp-includes\/media.php *\/\n\t\t<\/style>\n\t\t<div id='gallery-1' class='gallery galleryid-2336 gallery-columns-2 gallery-size-large'><dl class='gallery-item'>\n\t\t\t<dt class='gallery-icon portrait'>\n\t\t\t\t<img decoding=\"async\" width=\"819\" height=\"1024\" src=\"https:\/\/salonmanifest.ro\/wp-content\/uploads\/2024\/05\/IMG_20210127_081720_926-1-1-819x1024.jpg\" class=\"attachment-large size-large\" alt=\"\" \/>\n\t\t\t<\/dt><\/dl><dl class='gallery-item'>\n\t\t\t<dt class='gallery-icon portrait'>\n\t\t\t\t<img decoding=\"async\" width=\"819\" height=\"1024\" src=\"https:\/\/salonmanifest.ro\/wp-content\/uploads\/2024\/05\/IMG_20210127_081720_927-1-819x1024.jpg\" class=\"attachment-large size-large\" alt=\"\" \/>\n\t\t\t<\/dt><\/dl><br style=\"clear: both\" \/>\n\t\t<\/div>\n\n<p><span style=\"font-weight: 400;\">F\u0103r\u0103 s\u0103 dea semne c\u0103 pierde din popularitate, p\u0103rul ombre este una dintre cele mai de impact tendin\u021be de colorare din ultimele dou\u0103 decenii. Dar care este diferen\u021ba dintre <\/span><i><span style=\"font-weight: 400;\">ombre<\/span><\/i><span style=\"font-weight: 400;\"> \u0219i <\/span><i><span style=\"font-weight: 400;\">balayage<\/span><\/i><span style=\"font-weight: 400;\"> sau alte tehnici de colorare a p\u0103rului? <\/span><\/p>\n<p><span style=\"font-weight: 400;\">Cite\u0219te ghidul nostru <\/span><i><span style=\"font-weight: 400;\">ombre<\/span><\/i><span style=\"font-weight: 400;\">, inclusiv sfaturile de specialitate despre cum s\u0103 profi\u021bi la maximum de aceast\u0103 tehnic\u0103 de colorare.\u00a0<\/span><\/p>\n<p><span style=\"font-weight: 400;\">Echipa Man!fest &#8211; veritabili exper\u021bi L\u2019Or\u00e9al Professionnel, \u00een permanent\u0103 leg\u0103tur\u0103 cu noile trenduri \u0219i av\u00e2nd expertiza necesar\u0103 pentru a r\u0103spunde tuturor nevoilor p\u0103rului t\u0103u &#8211; \u0219i creat\u0103 de c\u0103tre ambasadorul\u00a0 L\u2019Or\u00e9al Professionnel &#8211; Florin Noje &#8211;\u00a0 te a\u0219teapt\u0103 \u00een salon, pregatit\u0103 de orice provocare.\u00a0<\/span><\/p>\n<p><span style=\"font-weight: 400;\">Salon Man!fest face parte din pu\u021binele \u0219i atent selec\u021bionatele Salon Expert\u00a0 &#8211; L\u2019Or\u00e9al Professionnel.<\/span><\/p>\n<p><span style=\"font-weight: 400;\">Serviciile \u0219i imaginea unui Salon Expert sunt la cel mai \u00eenalt standard. Aici pute\u021bi g\u0103si \u00eentreaga gam\u0103 de produse L\u2019Or\u00e9al Professionnel \u0219i servicii dezvoltate exclusiv pentru coaforii acredita\u021bi de Academia L\u2019Or\u00e9al Professionnel.<\/span><\/p>\n<h2 style=\"text-align: center;\"><\/h2>\n<h2 style=\"text-align: center;\"><span style=\"font-weight: 400;\">\u00a0Ce inseamna vopsirea parului ombre?<\/span><\/h2>\n<p><span style=\"font-weight: 400;\">Una dintre cele mai des \u00eent\u00e2lnite confuzii atunci c\u00e2nd vine vorba de tehnicile de colorare este diferen\u021ba dintre <\/span><i><span style=\"font-weight: 400;\">p\u0103rul ombre<\/span><\/i><span style=\"font-weight: 400;\"> \u0219i <\/span><i><span style=\"font-weight: 400;\">balayage<\/span><\/i><span style=\"font-weight: 400;\"> (un alt cuv\u00e2nt francez, de la \u201ebalayer\u201d care \u00eenseamn\u0103 \u201ea m\u0103tura\u201d).<\/span><\/p>\n<p><span style=\"font-weight: 400;\">P\u0103rul <\/span><i><span style=\"font-weight: 400;\">ombr\u00e9<\/span><\/i><span style=\"font-weight: 400;\"> este o tehnic\u0103 de colorare gradual\u0103, cu trecere de la mai \u00eenchis la mai deschis, \u00een timp ce balayage este o tehnic\u0103 de eviden\u021biere.<\/span><\/p>\n<p><span style=\"font-weight: 400;\">O alt\u0103 tehnic\u0103 de colorare a p\u0103rului este <\/span><i><span style=\"font-weight: 400;\">sombre<\/span><\/i><span style=\"font-weight: 400;\">, care este o versiune mai moale \u0219i mai subtil\u0103 a p\u0103rului ombre, cu o tranzi\u021bie mai pu\u021bin vizibil\u0103 \u00eentre r\u0103d\u0103cini \u0219i culorile de v\u00e2rf.<\/span><\/p>\n<p><span style=\"font-weight: 400;\">\u00cen cele din urm\u0103, adesea confundat\u0103 cu p\u0103rul <\/span><i><span style=\"font-weight: 400;\">ombr\u00e9<\/span><\/i><span style=\"font-weight: 400;\">, colorarea d<\/span><i><span style=\"font-weight: 400;\">ip-dye<\/span><\/i><span style=\"font-weight: 400;\"> are o gradare deloc subtil\u0103 \u00eentre culorile mai \u00eenchise \u0219i mai deschise. Numele s\u0103u v\u0103 va ajuta s\u0103 v\u0103 aminti\u021bi diferen\u021ba: dip-dye arat\u0103 de parc\u0103 tocmai v-a\u021bi fi scufundat p\u0103rul \u00eentr-o alt\u0103 culoare. Stilul Dip Dye presupune, deci, o decolorare brusc\u0103 a p\u0103rului, cu aproape nicio urm\u0103 de tranzi\u021bie.<\/span><\/p>\n<h2><\/h2>\n<h2 style=\"text-align: center;\"><span style=\"font-weight: 400;\">In ce consta tehnica de vopsit ombre?<\/span><\/h2>\n<p><span style=\"font-weight: 400;\">Ombr\u00e9 presupune o deschidere treptat\u0103 a nuan\u021bei de baz\u0103 cu o tranzi\u021bie subtil\u0103, dar dens\u0103, de la r\u0103d\u0103cini c\u0103tre v\u00e2rfuri. Tranzi\u021bia culorii de la tonuri mai \u00eenchise c\u0103tre tonurile mai deschise \u00eenspre v\u00e2rfuri nu a fost \u00eentotdeauna subtil\u0103.<\/span><\/p>\n<p><span style=\"font-weight: 400;\">Superbul Ombr\u00e9 este, de fapt, o versiune modern\u0103 a stilului Dip Dye &#8211; stilul consacrat al Madonnei din anii \u201980.<\/span><\/p>\n<p><span style=\"font-weight: 400;\">Ei bine, prin anii 2000, mai multe vedete, printre care \u0219i Drew Barrymore sau Gwen Stefani, au decis s\u0103 adopte acest look rebel, vopsindu-\u0219i p\u0103rul blond \u0219i p\u0103str\u00e2ndu-\u0219i r\u0103d\u0103cinile naturale. Pe parcursul timpului, aceast\u0103 tehnic\u0103 de decolorare a devenit extrem de apreciat\u0103 de hairstili\u0219ti, iar recent a evoluat \u00eentr-unul din look-urile noastre preferate: stilul Ombr\u00e9! <\/span><\/p>\n<p><span style=\"font-weight: 400;\">Diferen\u021ba dintre cele dou\u0103 tehnici de vopsire descrise mai sus? Ei bine, totul const\u0103 \u00een tranzi\u021bie.<\/span><\/p>\n<p><span style=\"font-weight: 400;\"><\/span><\/p>\n<h2 style=\"text-align: center;\"><span style=\"font-weight: 400;\">Care sunt tipurile de vopsit ombre?<\/span><\/h2>\n<p><span style=\"font-weight: 400;\">Stilul Ombr\u00e9 se potrive\u0219te cu prec\u0103dere p\u0103rului lung, \u00eens\u0103, aproape la fel de spectaculoase sunt color\u0103rile ombre pe p\u0103r mediu. Tehnica este u\u0219or de aplicat pe orice textur\u0103 de par, cu aten\u021bie deosebit\u0103 pe partea de protec\u021bie a firului mai ales c\u00e2nd vorbim de p\u0103rul fin<\/span><\/p>\n<p><span style=\"font-weight: 400;\"><\/span><\/p>\n<h2 style=\"text-align: center;\"><span style=\"font-weight: 400;\">In functie de culoare<\/span><\/h2>\n<p><span style=\"font-weight: 400;\">Colorarea ombre depinde, \u00een mare m\u0103sur\u0103, de culoarea natural\u0103 a p\u0103rului \u0219i par\u021bial de lungimea acestuia, dar nu e limitat\u0103 de acestea. Po\u021bi \u00eencerca diverse varia\u021biuni &#8211; chiar \u0219i ombre r\u0103sturnat (\u00eenchis la v\u00e2rfuri \u0219i deschis la r\u0103d\u0103cini); sau po\u021bi \u00eencerca versiuni de ombre pe p\u0103rul scurt &#8211; rezultatele pot fi surprinz\u0103toare. <\/span><\/p>\n<p><span style=\"font-weight: 400;\">\u00cens\u0103, ombre a fost creat pentru p\u0103rul lung \u0219i somptuos. P\u0103rul lung \u0219i blond ombre este fermec\u0103tor tocmai datorit\u0103 jocului dat de aspectul moale \u0219i de tonurile \u00eenchise. Tente delicioase de caramel \u0219i ciocolat\u0103 se amestec\u0103 perfect \u00een p\u0103rul lung brun ombre. Iar fascinantul ro\u0219cat \u00ee\u0219i g\u0103se\u0219te\u00a0 o nou\u0103 defini\u021bie trecut prin acest stil at\u00e2t de dorit \u0219i de cerut.<\/span><\/p>\n<p>[\/et_pb_text][et_pb_accordion _builder_version=&#8221;4.25.1&#8243; _module_preset=&#8221;default&#8221; global_colors_info=&#8221;{}&#8221;][et_pb_accordion_item title=&#8221; Par ombre in nuante de saten&#8221; open=&#8221;on&#8221; _builder_version=&#8221;4.25.1&#8243; _module_preset=&#8221;default&#8221; global_colors_info=&#8221;{}&#8221;]<\/p>\n<p><span>P\u0103rului mai \u00eentunecat natural i se potrive\u0219te un sombre, cu \u0219uvi\u021be brunete \u00eenflorind subtil \u00een cenu\u0219iu sau chiar \u00eentr-o nuan\u021b\u0103 cald\u0103 de castaniu.<\/span><\/p>\n\n\t\t<style type=\"text\/css\">\n\t\t\t#gallery-2 {\n\t\t\t\tmargin: auto;\n\t\t\t}\n\t\t\t#gallery-2 .gallery-item {\n\t\t\t\tfloat: left;\n\t\t\t\tmargin-top: 10px;\n\t\t\t\ttext-align: center;\n\t\t\t\twidth: 50%;\n\t\t\t}\n\t\t\t#gallery-2 img {\n\t\t\t\tborder: 2px solid #cfcfcf;\n\t\t\t}\n\t\t\t#gallery-2 .gallery-caption {\n\t\t\t\tmargin-left: 0;\n\t\t\t}\n\t\t\t\/* see gallery_shortcode() in wp-includes\/media.php *\/\n\t\t<\/style>\n\t\t<div id='gallery-2' class='gallery galleryid-2336 gallery-columns-2 gallery-size-large'><dl class='gallery-item'>\n\t\t\t<dt class='gallery-icon portrait'>\n\t\t\t\t<img decoding=\"async\" width=\"819\" height=\"1024\" src=\"https:\/\/salonmanifest.ro\/wp-content\/uploads\/2024\/05\/anamaria.palarie_20210313_132808-1-819x1024.jpg\" class=\"attachment-large size-large\" alt=\"\" \/>\n\t\t\t<\/dt><\/dl><dl class='gallery-item'>\n\t\t\t<dt class='gallery-icon portrait'>\n\t\t\t\t<img decoding=\"async\" width=\"820\" height=\"1024\" src=\"https:\/\/salonmanifest.ro\/wp-content\/uploads\/2024\/05\/anamaria.palarie_20210313_132811-1-820x1024.jpg\" class=\"attachment-large size-large\" alt=\"\" \/>\n\t\t\t<\/dt><\/dl><br style=\"clear: both\" \/><dl class='gallery-item'>\n\t\t\t<dt class='gallery-icon portrait'>\n\t\t\t\t<img decoding=\"async\" width=\"819\" height=\"1024\" src=\"https:\/\/salonmanifest.ro\/wp-content\/uploads\/2024\/05\/anamaria.palarie_20210313_132815-819x1024.jpg\" class=\"attachment-large size-large\" alt=\"\" \/>\n\t\t\t<\/dt><\/dl><dl class='gallery-item'>\n\t\t\t<dt class='gallery-icon portrait'>\n\t\t\t\t<img decoding=\"async\" width=\"819\" height=\"1024\" src=\"https:\/\/salonmanifest.ro\/wp-content\/uploads\/2024\/05\/anamaria.palarie_20210313_132819-2-819x1024.jpg\" class=\"attachment-large size-large\" alt=\"\" \/>\n\t\t\t<\/dt><\/dl><br style=\"clear: both\" \/>\n\t\t<\/div>\n\n<p>[\/et_pb_accordion_item][et_pb_accordion_item title=&#8221;Par ombre blond\/blond cenusiu&#8221; _builder_version=&#8221;4.25.1&#8243; _module_preset=&#8221;default&#8221; global_colors_info=&#8221;{}&#8221; open=&#8221;off&#8221;]<\/p>\n<p><span>Cea mai recognoscibil\u0103 combina\u021bie de culori pentru p\u0103rul ombre este un mocha-soft care se deschide \u00een auriu spre v\u00e2rfuri.<\/span><\/p>\n\n\t\t<style type=\"text\/css\">\n\t\t\t#gallery-3 {\n\t\t\t\tmargin: auto;\n\t\t\t}\n\t\t\t#gallery-3 .gallery-item {\n\t\t\t\tfloat: left;\n\t\t\t\tmargin-top: 10px;\n\t\t\t\ttext-align: center;\n\t\t\t\twidth: 100%;\n\t\t\t}\n\t\t\t#gallery-3 img {\n\t\t\t\tborder: 2px solid #cfcfcf;\n\t\t\t}\n\t\t\t#gallery-3 .gallery-caption {\n\t\t\t\tmargin-left: 0;\n\t\t\t}\n\t\t\t\/* see gallery_shortcode() in wp-includes\/media.php *\/\n\t\t<\/style>\n\t\t<div id='gallery-3' class='gallery galleryid-2336 gallery-columns-1 gallery-size-full'><dl class='gallery-item'>\n\t\t\t<dt class='gallery-icon portrait'>\n\t\t\t\t<img decoding=\"async\" width=\"1080\" height=\"1441\" src=\"https:\/\/salonmanifest.ro\/wp-content\/uploads\/2024\/05\/IMG_20210313_150131_528.jpg\" class=\"attachment-full size-full\" alt=\"\" srcset=\"https:\/\/salonmanifest.ro\/wp-content\/uploads\/2024\/05\/IMG_20210313_150131_528.jpg 1080w, https:\/\/salonmanifest.ro\/wp-content\/uploads\/2024\/05\/IMG_20210313_150131_528-980x1308.jpg 980w, https:\/\/salonmanifest.ro\/wp-content\/uploads\/2024\/05\/IMG_20210313_150131_528-480x640.jpg 480w\" sizes=\"(min-width: 0px) and (max-width: 480px) 480px, (min-width: 481px) and (max-width: 980px) 980px, (min-width: 981px) 1080px, 100vw\" \/>\n\t\t\t<\/dt><\/dl><br style=\"clear: both\" \/>\n\t\t<\/div>\n\n<p><span><\/span><\/p>\n<p>[\/et_pb_accordion_item][et_pb_accordion_item title=&#8221;Par vopsit ombre gri (pe par saten sau blond)&#8221; _builder_version=&#8221;4.25.1&#8243; _module_preset=&#8221;default&#8221; global_colors_info=&#8221;{}&#8221; open=&#8221;off&#8221;]<\/p>\n<p><span>Pentru doamnele cu p\u0103rul deja blond, r\u0103d\u0103cinile aurii se pot transform\u0103 treptat, spre v\u00e2rfuri, \u00een nuan\u021be uimitoare de platin\u0103!<\/span><\/p>\n\n\t\t<style type=\"text\/css\">\n\t\t\t#gallery-4 {\n\t\t\t\tmargin: auto;\n\t\t\t}\n\t\t\t#gallery-4 .gallery-item {\n\t\t\t\tfloat: left;\n\t\t\t\tmargin-top: 10px;\n\t\t\t\ttext-align: center;\n\t\t\t\twidth: 50%;\n\t\t\t}\n\t\t\t#gallery-4 img {\n\t\t\t\tborder: 2px solid #cfcfcf;\n\t\t\t}\n\t\t\t#gallery-4 .gallery-caption {\n\t\t\t\tmargin-left: 0;\n\t\t\t}\n\t\t\t\/* see gallery_shortcode() in wp-includes\/media.php *\/\n\t\t<\/style>\n\t\t<div id='gallery-4' class='gallery galleryid-2336 gallery-columns-2 gallery-size-full'><dl class='gallery-item'>\n\t\t\t<dt class='gallery-icon portrait'>\n\t\t\t\t<img decoding=\"async\" width=\"1080\" height=\"1350\" src=\"https:\/\/salonmanifest.ro\/wp-content\/uploads\/2024\/05\/steffanungureanu_20210313_133722.jpg\" class=\"attachment-full size-full\" alt=\"\" srcset=\"https:\/\/salonmanifest.ro\/wp-content\/uploads\/2024\/05\/steffanungureanu_20210313_133722.jpg 1080w, https:\/\/salonmanifest.ro\/wp-content\/uploads\/2024\/05\/steffanungureanu_20210313_133722-980x1225.jpg 980w, https:\/\/salonmanifest.ro\/wp-content\/uploads\/2024\/05\/steffanungureanu_20210313_133722-480x600.jpg 480w\" sizes=\"(min-width: 0px) and (max-width: 480px) 480px, (min-width: 481px) and (max-width: 980px) 980px, (min-width: 981px) 1080px, 100vw\" \/>\n\t\t\t<\/dt><\/dl><dl class='gallery-item'>\n\t\t\t<dt class='gallery-icon portrait'>\n\t\t\t\t<img decoding=\"async\" width=\"1080\" height=\"1350\" src=\"https:\/\/salonmanifest.ro\/wp-content\/uploads\/2024\/05\/IMG_20200909_091720_401.jpg\" class=\"attachment-full size-full\" alt=\"\" srcset=\"https:\/\/salonmanifest.ro\/wp-content\/uploads\/2024\/05\/IMG_20200909_091720_401.jpg 1080w, https:\/\/salonmanifest.ro\/wp-content\/uploads\/2024\/05\/IMG_20200909_091720_401-980x1225.jpg 980w, https:\/\/salonmanifest.ro\/wp-content\/uploads\/2024\/05\/IMG_20200909_091720_401-480x600.jpg 480w\" sizes=\"(min-width: 0px) and (max-width: 480px) 480px, (min-width: 481px) and (max-width: 980px) 980px, (min-width: 981px) 1080px, 100vw\" \/>\n\t\t\t<\/dt><\/dl><br style=\"clear: both\" \/>\n\t\t<\/div>\n\n<p>[\/et_pb_accordion_item][et_pb_accordion_item title=&#8221;Par ombre roscat&#8221; _builder_version=&#8221;4.25.1&#8243; _module_preset=&#8221;default&#8221; global_colors_info=&#8221;{}&#8221; open=&#8221;off&#8221;]<\/p>\n<p><span>\u00cen func\u021bie de tonurile dorite, po\u021bi opta pentru nuan\u021be subtile de roz \u0219i zmeur\u0103 sau tonuri \u00eendr\u0103zne\u021be de cupru \u0219i ro\u0219u vi\u0219iniu. Ro\u0219catul este \u00een totalitate uimitor gra\u021bie varia\u021biilor nesf\u00e2r\u0219ite din paleta sa!<\/span><\/p>\n\n\t\t<style type=\"text\/css\">\n\t\t\t#gallery-5 {\n\t\t\t\tmargin: auto;\n\t\t\t}\n\t\t\t#gallery-5 .gallery-item {\n\t\t\t\tfloat: left;\n\t\t\t\tmargin-top: 10px;\n\t\t\t\ttext-align: center;\n\t\t\t\twidth: 50%;\n\t\t\t}\n\t\t\t#gallery-5 img {\n\t\t\t\tborder: 2px solid #cfcfcf;\n\t\t\t}\n\t\t\t#gallery-5 .gallery-caption {\n\t\t\t\tmargin-left: 0;\n\t\t\t}\n\t\t\t\/* see gallery_shortcode() in wp-includes\/media.php *\/\n\t\t<\/style>\n\t\t<div id='gallery-5' class='gallery galleryid-2336 gallery-columns-2 gallery-size-large'><dl class='gallery-item'>\n\t\t\t<dt class='gallery-icon portrait'>\n\t\t\t\t<img decoding=\"async\" width=\"761\" height=\"1024\" src=\"https:\/\/salonmanifest.ro\/wp-content\/uploads\/2024\/05\/iuliantimisica_20210313_132523-1-e1615638782463-761x1024.jpg\" class=\"attachment-large size-large\" alt=\"\" srcset=\"https:\/\/salonmanifest.ro\/wp-content\/uploads\/2024\/05\/iuliantimisica_20210313_132523-1-e1615638782463-761x1024.jpg 761w, https:\/\/salonmanifest.ro\/wp-content\/uploads\/2024\/05\/iuliantimisica_20210313_132523-1-e1615638782463-480x646.jpg 480w\" sizes=\"(min-width: 0px) and (max-width: 480px) 480px, (min-width: 481px) 761px, 100vw\" \/>\n\t\t\t<\/dt><\/dl><dl class='gallery-item'>\n\t\t\t<dt class='gallery-icon portrait'>\n\t\t\t\t<img decoding=\"async\" width=\"767\" height=\"1024\" src=\"https:\/\/salonmanifest.ro\/wp-content\/uploads\/2024\/05\/iuliantimisica_20210313_132526-e1615638802176-767x1024.jpg\" class=\"attachment-large size-large\" alt=\"\" srcset=\"https:\/\/salonmanifest.ro\/wp-content\/uploads\/2024\/05\/iuliantimisica_20210313_132526-e1615638802176-767x1024.jpg 767w, https:\/\/salonmanifest.ro\/wp-content\/uploads\/2024\/05\/iuliantimisica_20210313_132526-e1615638802176-480x641.jpg 480w\" sizes=\"(min-width: 0px) and (max-width: 480px) 480px, (min-width: 481px) 767px, 100vw\" \/>\n\t\t\t<\/dt><\/dl><br style=\"clear: both\" \/>\n\t\t<\/div>\n\n<p>[\/et_pb_accordion_item][et_pb_accordion_item title=&#8221; Par brunet vopsit ombre&#8221; _builder_version=&#8221;4.25.1&#8243; _module_preset=&#8221;default&#8221; global_colors_info=&#8221;{}&#8221; open=&#8221;off&#8221;]<\/p>\n<p><span>Dac\u0103 dore\u0219ti s\u0103 \u00eendulce\u0219ti brunetul \u0219i s\u0103 adaugi pu\u021bin\u0103 c\u0103ldur\u0103, po\u021bi \u00eencerca un ombre-caramel, miere sau\u00a0 cupru. Indiferent dac\u0103 ai p\u0103r brun \u00eenchis sau brun deschis, exist\u0103 o mul\u021bime de op\u021biuni pentru tine.<\/span><\/p>\n\n\t\t<style type=\"text\/css\">\n\t\t\t#gallery-6 {\n\t\t\t\tmargin: auto;\n\t\t\t}\n\t\t\t#gallery-6 .gallery-item {\n\t\t\t\tfloat: left;\n\t\t\t\tmargin-top: 10px;\n\t\t\t\ttext-align: center;\n\t\t\t\twidth: 50%;\n\t\t\t}\n\t\t\t#gallery-6 img {\n\t\t\t\tborder: 2px solid #cfcfcf;\n\t\t\t}\n\t\t\t#gallery-6 .gallery-caption {\n\t\t\t\tmargin-left: 0;\n\t\t\t}\n\t\t\t\/* see gallery_shortcode() in wp-includes\/media.php *\/\n\t\t<\/style>\n\t\t<div id='gallery-6' class='gallery galleryid-2336 gallery-columns-2 gallery-size-large'><dl class='gallery-item'>\n\t\t\t<dt class='gallery-icon portrait'>\n\t\t\t\t<img decoding=\"async\" width=\"819\" height=\"1024\" src=\"https:\/\/salonmanifest.ro\/wp-content\/uploads\/2024\/05\/denisamatei_20210313_134657-819x1024.jpg\" class=\"attachment-large size-large\" alt=\"\" \/>\n\t\t\t<\/dt><\/dl><dl class='gallery-item'>\n\t\t\t<dt class='gallery-icon portrait'>\n\t\t\t\t<img decoding=\"async\" width=\"820\" height=\"1024\" src=\"https:\/\/salonmanifest.ro\/wp-content\/uploads\/2024\/05\/ligia.ghiulai_20210313_132206-820x1024.jpg\" class=\"attachment-large size-large\" alt=\"\" \/>\n\t\t\t<\/dt><\/dl><br style=\"clear: both\" \/>\n\t\t<\/div>\n\n<p><span><\/span><\/p>\n<p>[\/et_pb_accordion_item][et_pb_accordion_item title=&#8221;Par vopsit ombre in mai multe culori (mov, roz, albastru)&#8221; _builder_version=&#8221;4.25.1&#8243; _module_preset=&#8221;default&#8221; global_colors_info=&#8221;{}&#8221; open=&#8221;off&#8221;]<\/p>\n<p><span>Ombre \u00een combina\u021bie cu mov, roz, albastru sau lila este o op\u021biune \u00eendr\u0103znea\u021b\u0103 dar, pe c\u00e2t de neobi\u0219nuit\u0103, pe at\u00e2t de versatil\u0103 \u0219i de impact. \u00cens\u0103, o astfel de colorare presupune o anumit\u0103 armonie \u00een vestimenta\u021bie, \u00een stil \u0219i \u00een personalitate astfel \u00eenc\u00e2t s\u0103 purt\u0103m noi p\u0103rul, nu s\u0103 ne poarte el pe noi.<\/span><\/p>\n\n\t\t<style type=\"text\/css\">\n\t\t\t#gallery-7 {\n\t\t\t\tmargin: auto;\n\t\t\t}\n\t\t\t#gallery-7 .gallery-item {\n\t\t\t\tfloat: left;\n\t\t\t\tmargin-top: 10px;\n\t\t\t\ttext-align: center;\n\t\t\t\twidth: 50%;\n\t\t\t}\n\t\t\t#gallery-7 img {\n\t\t\t\tborder: 2px solid #cfcfcf;\n\t\t\t}\n\t\t\t#gallery-7 .gallery-caption {\n\t\t\t\tmargin-left: 0;\n\t\t\t}\n\t\t\t\/* see gallery_shortcode() in wp-includes\/media.php *\/\n\t\t<\/style>\n\t\t<div id='gallery-7' class='gallery galleryid-2336 gallery-columns-2 gallery-size-large'><dl class='gallery-item'>\n\t\t\t<dt class='gallery-icon landscape'>\n\t\t\t\t<img decoding=\"async\" width=\"1024\" height=\"1024\" src=\"https:\/\/salonmanifest.ro\/wp-content\/uploads\/2024\/05\/remusrobu_20210313_134939-1024x1024.jpg\" class=\"attachment-large size-large\" alt=\"\" srcset=\"https:\/\/salonmanifest.ro\/wp-content\/uploads\/2024\/05\/remusrobu_20210313_134939-1024x1024.jpg 1024w, https:\/\/salonmanifest.ro\/wp-content\/uploads\/2024\/05\/remusrobu_20210313_134939-980x980.jpg 980w, https:\/\/salonmanifest.ro\/wp-content\/uploads\/2024\/05\/remusrobu_20210313_134939-480x480.jpg 480w\" sizes=\"(min-width: 0px) and (max-width: 480px) 480px, (min-width: 481px) and (max-width: 980px) 980px, (min-width: 981px) 1024px, 100vw\" \/>\n\t\t\t<\/dt><\/dl><dl class='gallery-item'>\n\t\t\t<dt class='gallery-icon landscape'>\n\t\t\t\t<img decoding=\"async\" width=\"1024\" height=\"1024\" src=\"https:\/\/salonmanifest.ro\/wp-content\/uploads\/2024\/05\/remusrobu_20210313_134933-1024x1024.jpg\" class=\"attachment-large size-large\" alt=\"\" srcset=\"https:\/\/salonmanifest.ro\/wp-content\/uploads\/2024\/05\/remusrobu_20210313_134933-1024x1024.jpg 1024w, https:\/\/salonmanifest.ro\/wp-content\/uploads\/2024\/05\/remusrobu_20210313_134933-980x980.jpg 980w, https:\/\/salonmanifest.ro\/wp-content\/uploads\/2024\/05\/remusrobu_20210313_134933-480x480.jpg 480w\" sizes=\"(min-width: 0px) and (max-width: 480px) 480px, (min-width: 481px) and (max-width: 980px) 980px, (min-width: 981px) 1024px, 100vw\" \/>\n\t\t\t<\/dt><\/dl><br style=\"clear: both\" \/>\n\t\t<\/div>\n\n<p>[\/et_pb_accordion_item][\/et_pb_accordion][\/et_pb_column][\/et_pb_row][et_pb_row _builder_version=&#8221;4.16&#8243; background_size=&#8221;initial&#8221; background_position=&#8221;top_left&#8221; background_repeat=&#8221;repeat&#8221; global_colors_info=&#8221;{}&#8221;][et_pb_column type=&#8221;4_4&#8243; _builder_version=&#8221;4.16&#8243; custom_padding=&#8221;|||&#8221; global_colors_info=&#8221;{}&#8221; custom_padding__hover=&#8221;|||&#8221;][et_pb_text _builder_version=&#8221;4.25.1&#8243; background_size=&#8221;initial&#8221; background_position=&#8221;top_left&#8221; background_repeat=&#8221;repeat&#8221; hover_enabled=&#8221;0&#8243; global_colors_info=&#8221;{}&#8221; sticky_enabled=&#8221;0&#8243;]<\/p>\n<h2 style=\"text-align: center;\"><span style=\"font-weight: 400;\">In functie de lungimea parului<\/span><\/h2>\n<p>[\/et_pb_text][et_pb_accordion _builder_version=&#8221;4.25.1&#8243; _module_preset=&#8221;default&#8221; hover_enabled=&#8221;0&#8243; sticky_enabled=&#8221;0&#8243;][et_pb_accordion_item title=&#8221; Tehnica de vopsit ombre pentru par lung&#8221; _builder_version=&#8221;4.25.1&#8243; _module_preset=&#8221;default&#8221; open=&#8221;on&#8221; hover_enabled=&#8221;0&#8243; sticky_enabled=&#8221;0&#8243;]<\/p>\n<p><span>Ombre e uneori la limita fin\u0103 cu balayage-ul \u0219i, adeseori, stilistul poate alege o varianta mai soft de trecere de la o zona de culoare la cealalt\u0103 &#8211; a\u0219a cum vezi \u00een partea drepat\u0103; sau poate alege o tranzi\u021bie clar\u0103, \u00eendulcit\u0103 \u00een cu tonuri bl\u00e2nde de roz sau lila spre v\u00e2rfuri, a\u0219a cum vezi \u00een partea st\u00e2ng\u0103. Ombre-ul r\u0103m\u00e2ne o tehnic\u0103 \u00eendr\u0103znea\u021b\u0103 \u0219i e bine s\u0103 fii preg\u0103tit\u0103 s\u0103 o armonizezi cu restul garderobei, \u00een cazul \u00een care p\u00e2n\u0103 acum ai ales colorarea mai temperat\u0103.\u00a0<\/span><\/p>\n\n\t\t<style type=\"text\/css\">\n\t\t\t#gallery-8 {\n\t\t\t\tmargin: auto;\n\t\t\t}\n\t\t\t#gallery-8 .gallery-item {\n\t\t\t\tfloat: left;\n\t\t\t\tmargin-top: 10px;\n\t\t\t\ttext-align: center;\n\t\t\t\twidth: 50%;\n\t\t\t}\n\t\t\t#gallery-8 img {\n\t\t\t\tborder: 2px solid #cfcfcf;\n\t\t\t}\n\t\t\t#gallery-8 .gallery-caption {\n\t\t\t\tmargin-left: 0;\n\t\t\t}\n\t\t\t\/* see gallery_shortcode() in wp-includes\/media.php *\/\n\t\t<\/style>\n\t\t<div id='gallery-8' class='gallery galleryid-2336 gallery-columns-2 gallery-size-large'><dl class='gallery-item'>\n\t\t\t<dt class='gallery-icon landscape'>\n\t\t\t\t<img decoding=\"async\" width=\"1024\" height=\"1024\" src=\"https:\/\/salonmanifest.ro\/wp-content\/uploads\/2024\/05\/steffanungureanu_20210313_133522-1024x1024.jpg\" class=\"attachment-large size-large\" alt=\"\" srcset=\"https:\/\/salonmanifest.ro\/wp-content\/uploads\/2024\/05\/steffanungureanu_20210313_133522-1024x1024.jpg 1024w, https:\/\/salonmanifest.ro\/wp-content\/uploads\/2024\/05\/steffanungureanu_20210313_133522-980x980.jpg 980w, https:\/\/salonmanifest.ro\/wp-content\/uploads\/2024\/05\/steffanungureanu_20210313_133522-480x480.jpg 480w\" sizes=\"(min-width: 0px) and (max-width: 480px) 480px, (min-width: 481px) and (max-width: 980px) 980px, (min-width: 981px) 1024px, 100vw\" \/>\n\t\t\t<\/dt><\/dl><dl class='gallery-item'>\n\t\t\t<dt class='gallery-icon landscape'>\n\t\t\t\t<img decoding=\"async\" width=\"1024\" height=\"1024\" src=\"https:\/\/salonmanifest.ro\/wp-content\/uploads\/2024\/05\/steffanungureanu_20210313_133655-1-1024x1024.jpg\" class=\"attachment-large size-large\" alt=\"\" srcset=\"https:\/\/salonmanifest.ro\/wp-content\/uploads\/2024\/05\/steffanungureanu_20210313_133655-1-1024x1024.jpg 1024w, https:\/\/salonmanifest.ro\/wp-content\/uploads\/2024\/05\/steffanungureanu_20210313_133655-1-980x980.jpg 980w, https:\/\/salonmanifest.ro\/wp-content\/uploads\/2024\/05\/steffanungureanu_20210313_133655-1-480x480.jpg 480w\" sizes=\"(min-width: 0px) and (max-width: 480px) 480px, (min-width: 481px) and (max-width: 980px) 980px, (min-width: 981px) 1024px, 100vw\" \/>\n\t\t\t<\/dt><\/dl><br style=\"clear: both\" \/>\n\t\t<\/div>\n\n<p><span><\/span><\/p>\n<p>[\/et_pb_accordion_item][et_pb_accordion_item title=&#8221;Ombre pentru par mediu&#8221; _builder_version=&#8221;4.25.1&#8243; _module_preset=&#8221;default&#8221; open=&#8221;off&#8221; hover_enabled=&#8221;0&#8243; sticky_enabled=&#8221;0&#8243;]<\/p>\n<p><span>P\u0103rul mediu suport\u0103 foarte bine orice tip de colorare &#8211; inclusiv ombre-urile, de\u0219i, la prima vedere ai putea considera c\u0103 nu exist\u0103 suficient\u0103 lungime pentru a realiza tranzi\u021biile. De fapt, ombre-ul tipic presupune o eviden\u021biere clar\u0103 a celor dou\u0103 zone de distincte de colorare &#8211; \u00eentocmai cum vezi \u00een partea st\u00e2ng\u0103. \u00cen partea dreapt\u0103, ai un ombre cu o trecere mai soft, dar, la fel ca \u0219i \u00een cazul din st\u00e2nga, eviden\u021bierea lor este clar\u0103.\u00a0<\/span><\/p>\n\n\t\t<style type=\"text\/css\">\n\t\t\t#gallery-9 {\n\t\t\t\tmargin: auto;\n\t\t\t}\n\t\t\t#gallery-9 .gallery-item {\n\t\t\t\tfloat: left;\n\t\t\t\tmargin-top: 10px;\n\t\t\t\ttext-align: center;\n\t\t\t\twidth: 50%;\n\t\t\t}\n\t\t\t#gallery-9 img {\n\t\t\t\tborder: 2px solid #cfcfcf;\n\t\t\t}\n\t\t\t#gallery-9 .gallery-caption {\n\t\t\t\tmargin-left: 0;\n\t\t\t}\n\t\t\t\/* see gallery_shortcode() in wp-includes\/media.php *\/\n\t\t<\/style>\n\t\t<div id='gallery-9' class='gallery galleryid-2336 gallery-columns-2 gallery-size-large'><dl class='gallery-item'>\n\t\t\t<dt class='gallery-icon landscape'>\n\t\t\t\t<img decoding=\"async\" width=\"1024\" height=\"1024\" src=\"https:\/\/salonmanifest.ro\/wp-content\/uploads\/2024\/05\/florinnoje_20210313_135608-1-1024x1024.jpg\" class=\"attachment-large size-large\" alt=\"\" srcset=\"https:\/\/salonmanifest.ro\/wp-content\/uploads\/2024\/05\/florinnoje_20210313_135608-1-1024x1024.jpg 1024w, https:\/\/salonmanifest.ro\/wp-content\/uploads\/2024\/05\/florinnoje_20210313_135608-1-980x980.jpg 980w, https:\/\/salonmanifest.ro\/wp-content\/uploads\/2024\/05\/florinnoje_20210313_135608-1-480x480.jpg 480w\" sizes=\"(min-width: 0px) and (max-width: 480px) 480px, (min-width: 481px) and (max-width: 980px) 980px, (min-width: 981px) 1024px, 100vw\" \/>\n\t\t\t<\/dt><\/dl><dl class='gallery-item'>\n\t\t\t<dt class='gallery-icon landscape'>\n\t\t\t\t<img decoding=\"async\" width=\"1024\" height=\"1024\" src=\"https:\/\/salonmanifest.ro\/wp-content\/uploads\/2024\/05\/steffanungureanu_20210313_133805-1024x1024.jpg\" class=\"attachment-large size-large\" alt=\"\" srcset=\"https:\/\/salonmanifest.ro\/wp-content\/uploads\/2024\/05\/steffanungureanu_20210313_133805-1024x1024.jpg 1024w, https:\/\/salonmanifest.ro\/wp-content\/uploads\/2024\/05\/steffanungureanu_20210313_133805-980x980.jpg 980w, https:\/\/salonmanifest.ro\/wp-content\/uploads\/2024\/05\/steffanungureanu_20210313_133805-480x480.jpg 480w\" sizes=\"(min-width: 0px) and (max-width: 480px) 480px, (min-width: 481px) and (max-width: 980px) 980px, (min-width: 981px) 1024px, 100vw\" \/>\n\t\t\t<\/dt><\/dl><br style=\"clear: both\" \/>\n\t\t<\/div>\n\n<p><span><\/span><\/p>\n<p>[\/et_pb_accordion_item][et_pb_accordion_item title=&#8221; Vopsitul Ombre pentru par scurt (si bob)&#8221; _builder_version=&#8221;4.25.1&#8243; _module_preset=&#8221;default&#8221; hover_enabled=&#8221;0&#8243; sticky_enabled=&#8221;0&#8243;]<\/p>\n<p><span>Bobul scurt r\u0103m\u00e2ne bastionul stilului, indiferent de c\u00e2t multe ajust\u0103ri \u00eei sunt aduse. Un bob clasic scurt &#8211; cu sau f\u0103r\u0103 breton &#8211; poate fi revigorat cu ajutorul ombre-urilor, reconfigurat pentru a se potrivi unei multitudini de stiluri \u0219i trenduri, fie c\u0103 vorbim de punk sau de clasic. Tehnica de colorare aduce, mereu, plus valoare.<\/span><\/p>\n\n\t\t<style type=\"text\/css\">\n\t\t\t#gallery-10 {\n\t\t\t\tmargin: auto;\n\t\t\t}\n\t\t\t#gallery-10 .gallery-item {\n\t\t\t\tfloat: left;\n\t\t\t\tmargin-top: 10px;\n\t\t\t\ttext-align: center;\n\t\t\t\twidth: 50%;\n\t\t\t}\n\t\t\t#gallery-10 img {\n\t\t\t\tborder: 2px solid #cfcfcf;\n\t\t\t}\n\t\t\t#gallery-10 .gallery-caption {\n\t\t\t\tmargin-left: 0;\n\t\t\t}\n\t\t\t\/* see gallery_shortcode() in wp-includes\/media.php *\/\n\t\t<\/style>\n\t\t<div id='gallery-10' class='gallery galleryid-2336 gallery-columns-2 gallery-size-large'><dl class='gallery-item'>\n\t\t\t<dt class='gallery-icon portrait'>\n\t\t\t\t<img decoding=\"async\" width=\"819\" height=\"1024\" src=\"https:\/\/salonmanifest.ro\/wp-content\/uploads\/2024\/05\/steffanungureanu_20210313_133608-819x1024.jpg\" class=\"attachment-large size-large\" alt=\"\" srcset=\"https:\/\/salonmanifest.ro\/wp-content\/uploads\/2024\/05\/steffanungureanu_20210313_133608-819x1024.jpg 819w, https:\/\/salonmanifest.ro\/wp-content\/uploads\/2024\/05\/steffanungureanu_20210313_133608-480x600.jpg 480w\" sizes=\"(min-width: 0px) and (max-width: 480px) 480px, (min-width: 481px) 819px, 100vw\" \/>\n\t\t\t<\/dt><\/dl><dl class='gallery-item'>\n\t\t\t<dt class='gallery-icon portrait'>\n\t\t\t\t<img decoding=\"async\" width=\"819\" height=\"1024\" src=\"https:\/\/salonmanifest.ro\/wp-content\/uploads\/2024\/05\/denisamatei_20210313_134657-1-819x1024.jpg\" class=\"attachment-large size-large\" alt=\"\" \/>\n\t\t\t<\/dt><\/dl><br style=\"clear: both\" \/>\n\t\t<\/div>\n\n<p>[\/et_pb_accordion_item][\/et_pb_accordion][et_pb_text _builder_version=&#8221;4.25.1&#8243; background_size=&#8221;initial&#8221; background_position=&#8221;top_left&#8221; background_repeat=&#8221;repeat&#8221; hover_enabled=&#8221;0&#8243; global_colors_info=&#8221;{}&#8221; sticky_enabled=&#8221;0&#8243;]<\/p>\n<h2 style=\"text-align: center;\"><span style=\"font-weight: 400;\">In functie de tipul de par<\/span><\/h2>\n<p>[\/et_pb_text][et_pb_accordion _builder_version=&#8221;4.25.1&#8243; _module_preset=&#8221;default&#8221; hover_enabled=&#8221;0&#8243; sticky_enabled=&#8221;0&#8243;][et_pb_accordion_item title=&#8221;Tehnica de vopsit Ombre pentru par drept&#8221; _builder_version=&#8221;4.25.1&#8243; _module_preset=&#8221;default&#8221; open=&#8221;on&#8221; hover_enabled=&#8221;0&#8243; sticky_enabled=&#8221;0&#8243;]<\/p>\n<p><span>Tehnica de vopsit Ombre pe p\u0103rul drept se focalizeaz\u0103 pe tranzi\u021bia culorii. Stilistul poate eviden\u021bia doar anumite zone sau poate opta pentru o decolorare care \u00eencepe la nivelul lungimii medii. Aceast\u0103 a doua op\u021biune arat\u0103 bine pe p\u0103rul lung, a\u0219a cum vezi \u00een fotografia de mai jos.<\/span><\/p>\n\n\t\t<style type=\"text\/css\">\n\t\t\t#gallery-11 {\n\t\t\t\tmargin: auto;\n\t\t\t}\n\t\t\t#gallery-11 .gallery-item {\n\t\t\t\tfloat: left;\n\t\t\t\tmargin-top: 10px;\n\t\t\t\ttext-align: center;\n\t\t\t\twidth: 100%;\n\t\t\t}\n\t\t\t#gallery-11 img {\n\t\t\t\tborder: 2px solid #cfcfcf;\n\t\t\t}\n\t\t\t#gallery-11 .gallery-caption {\n\t\t\t\tmargin-left: 0;\n\t\t\t}\n\t\t\t\/* see gallery_shortcode() in wp-includes\/media.php *\/\n\t\t<\/style>\n\t\t<div id='gallery-11' class='gallery galleryid-2336 gallery-columns-1 gallery-size-full'><dl class='gallery-item'>\n\t\t\t<dt class='gallery-icon portrait'>\n\t\t\t\t<img decoding=\"async\" width=\"725\" height=\"821\" src=\"https:\/\/salonmanifest.ro\/wp-content\/uploads\/2024\/05\/emilnaku_20210313_132650.jpg\" class=\"attachment-full size-full\" alt=\"\" srcset=\"https:\/\/salonmanifest.ro\/wp-content\/uploads\/2024\/05\/emilnaku_20210313_132650.jpg 725w, https:\/\/salonmanifest.ro\/wp-content\/uploads\/2024\/05\/emilnaku_20210313_132650-480x544.jpg 480w\" sizes=\"(min-width: 0px) and (max-width: 480px) 480px, (min-width: 481px) 725px, 100vw\" \/>\n\t\t\t<\/dt><\/dl><br style=\"clear: both\" \/>\n\t\t<\/div>\n\n<p><span><\/span><\/p>\n<p>[\/et_pb_accordion_item][et_pb_accordion_item title=&#8221;Ombre pentru par cret si ondulat&#8221; _builder_version=&#8221;4.25.1&#8243; _module_preset=&#8221;default&#8221; open=&#8221;off&#8221; hover_enabled=&#8221;0&#8243; sticky_enabled=&#8221;0&#8243;]<\/p>\n<p><span>Tehnica de vopsit Ombre arat\u0103 senza\u021bional pe p\u0103rul cre\u021b \u0219i ondulat pentru c\u0103 tranzi\u021biile de la o zon\u0103 de culoare la cealalt\u0103 dau o dinamic\u0103 special\u0103 p\u0103rului. Aceast\u0103 culoare este u\u0219or de \u00eentre\u021biut \u0219i este potrivit\u0103 mai ales pentru femeile care au p\u0103rul mai \u00eenchis la culoare, datorit\u0103 aspectului natural al culorii.<\/span><\/p>\n\n\t\t<style type=\"text\/css\">\n\t\t\t#gallery-12 {\n\t\t\t\tmargin: auto;\n\t\t\t}\n\t\t\t#gallery-12 .gallery-item {\n\t\t\t\tfloat: left;\n\t\t\t\tmargin-top: 10px;\n\t\t\t\ttext-align: center;\n\t\t\t\twidth: 100%;\n\t\t\t}\n\t\t\t#gallery-12 img {\n\t\t\t\tborder: 2px solid #cfcfcf;\n\t\t\t}\n\t\t\t#gallery-12 .gallery-caption {\n\t\t\t\tmargin-left: 0;\n\t\t\t}\n\t\t\t\/* see gallery_shortcode() in wp-includes\/media.php *\/\n\t\t<\/style>\n\t\t<div id='gallery-12' class='gallery galleryid-2336 gallery-columns-1 gallery-size-large'><dl class='gallery-item'>\n\t\t\t<dt class='gallery-icon portrait'>\n\t\t\t\t<img decoding=\"async\" width=\"885\" height=\"1024\" src=\"https:\/\/salonmanifest.ro\/wp-content\/uploads\/2024\/05\/beeatricemiu_20210313_101049-885x1024.jpg\" class=\"attachment-large size-large\" alt=\"\" \/>\n\t\t\t<\/dt><\/dl><br style=\"clear: both\" \/>\n\t\t<\/div>\n\n<p>[\/et_pb_accordion_item][\/et_pb_accordion][et_pb_text _builder_version=&#8221;4.25.1&#8243; background_size=&#8221;initial&#8221; background_position=&#8221;top_left&#8221; background_repeat=&#8221;repeat&#8221; hover_enabled=&#8221;0&#8243; global_colors_info=&#8221;{}&#8221; sticky_enabled=&#8221;0&#8243;]<\/p>\n<h2 style=\"text-align: center; margin-top: 80px;\"><span style=\"font-weight: 400;\">Care este diferenta dintre vopsitul balayage vs. ombre\u00a0<\/span><\/h2>\n<p><span style=\"font-weight: 400;\">Aceste dou\u0103 tehnici de vopsit p\u0103rul difer\u0103 \u00een mai multe aspecte, de\u0219i ca rezultat sunt similare. Ombre face trecerea de la o culoare \u00eenchis\u0103 la una deschis\u0103 de la jum\u0103tatea p\u0103rului \u00een jos, pe c\u00e2nd balayage \u00eencepe aproape de r\u0103d\u0103cin\u0103. Ombre are ca direc\u021bie de dispunere a decolorantului pe orizontal\u0103 pe c\u00e2nd pentru balayage, decolorantul se plaseaz\u0103 mai mult pe vertical\u0103. Ombre este un stil, balayage este o tehnic\u0103.\u00a0<\/span><\/p>\n<p><span style=\"font-weight: 400;\">Ombre \u00eenseamn\u0103 \u201ctrecerea de la \u00eentuneric la lumin\u0103\u201d, astfel \u00eenc\u00e2t balayage este, de fapt, o tehnic\u0103 utilizat\u0103 pentru a crea ombre. V\u00e2rfurile devin mult mai deschise cu ombre dec\u00e2t cu balayage, deoarece \u00eentreaga \u0219uvi\u021b\u0103 este decolorat\u0103 pentru a ob\u021bine un \u201efinisaj mai solid\u201d. Cu balayage, \u0219uvi\u021bele sunt pu\u021bin vopsite, iar cele vopsite se pierd \u00een p\u0103r.<\/span><\/p>\n<p><span style=\"font-weight: 400;\">Unul dintre motivele pentru care p\u0103rul ombre este un aspect at\u00e2t de popular este datorit\u0103 faptului c\u0103 este u\u0219or de \u00eentre\u021binut. Datorit\u0103 gradualit\u0103\u021bii culorii, pe m\u0103sur\u0103 ce p\u0103rul cre\u0219te, sec\u021biunile mai deschise se mi\u0219c\u0103 subtil spre v\u00e2rfuri. Pentru a readuce la via\u021b\u0103 zonele care \u0219i-au pierdut culoarea \u0219i pentru a ob\u021bine acel fini\u0219 natural \u0219i str\u0103lucitor, care \u00ee\u021bi flateaz\u0103 tonul fe\u021bei \u0219i pielii, L&#8217;Or\u00e9al Professionnel ofer\u0103 un tratament de colorare personalizat &#8211; Instant Highlights Rapid \u0219i extrem de eficient, acest sistem de iluminare folose\u0219te tehnologia pro-heat pentru a decolora p\u0103rul cu p\u00e2n\u0103 la 6 niveluri, re\u00eemprosp\u0103t\u00e2nd instantaneu p\u0103rul ombre, f\u0103r\u0103 a fi nevoie de o recolorare complet\u0103. <\/span><\/p>\n<p>Pentru \u00eengrijirea zilnic\u0103 a p\u0103rului, opteaz\u0103 pentru produse care s\u0103 protejeze culoarea \u0219i s\u0103 \u00eei sporeasc\u0103 str\u0103lucirea. Colec\u021bia de \u00eengrijire a p\u0103rului Vitamino Color de la Serie Expert a fost creat\u0103 special pentru p\u0103rul ombre. Pentru ombre blonde, \u00eencerca\u021bi Blondifer Gloss Shampoo, Blondifer Hair Mask &amp; CC Cream pentru blonde &#8211; fiecare produs ajut\u0103 la men\u021binerea str\u0103lucirii \u0219i protejarea acestuia de agresiunile de mediu, cum ar fi vremea \u0219i poluarea.<br \/><i><span style=\"font-weight: 400;\">p\u0103rul ombre<\/span><\/i><span style=\"font-weight: 400;\"> \u0219i <\/span><i><span style=\"font-weight: 400;\">balayage<\/span><\/i><span style=\"font-weight: 400;\"> (un alt cuv\u00e2nt francez, de la \u201ebalayer\u201d care \u00eenseamn\u0103 \u201ea m\u0103tura\u201d).<\/span><\/p>\n<p><span style=\"font-weight: 400;\"><\/span><\/p>\n<h2 style=\"text-align: center;\"><span style=\"font-weight: 400;\">Ce recomanda echipa noastra de hairstylisti<\/span><\/h2>\n<p><span style=\"font-weight: 400;\">Pentru te bucura de adev\u0103ratul efect ombre, una dintre cele mai bune modalit\u0103\u021bi este de a-l coafa cat mai sauvage sau folosindu-te de buclele cu aspect natural pentru a atrage aten\u021bia asupra jocului culorilor de-a lungul lungimilor.\u00a0<\/span><\/p>\n<p><span style=\"font-weight: 400;\">Pentru aceasta, indiferent dac\u0103 p\u0103rul t\u0103u este ondulat natural sau nu, \u00ee\u021bi recomand\u0103m s\u0103 folose\u0219ti crema de styling <\/span><i><span style=\"font-weight: 400;\">Siren Waves<\/span><\/i><span style=\"font-weight: 400;\"> din colec\u021bia de <\/span><i><span style=\"font-weight: 400;\">styling a p\u0103rului Tecni.ART<\/span><\/i><span style=\"font-weight: 400;\">.<\/span><\/p>\n<p><span style=\"font-weight: 400;\">Pur \u0219i simplu, se aplic\u0103 pe p\u0103rul umed, pe care \u00eel usuci \u00eenainte de a ondula lungimile \u00een sec\u021biuni de 2 inci, ulterior treci degetele prin p\u0103r pentru \u201ca rupe\u201d buclele, pentru un finisaj natural.<\/span><\/p>\n<p>[\/et_pb_text][\/et_pb_column][\/et_pb_row][\/et_pb_section]<\/p>\n","protected":false},"excerpt":{"rendered":"<p>\u00centotdeauna referin\u021b\u0103 pentru mod\u0103 \u0219i frumuse\u021be, Fran\u021ba este locul de origine al cuv\u00e2ntului \u201eombr\u00e9\u201d (pronun\u021bat \u201eom-bre\u201d). Av\u00e2nd sensul propriu de \u201eumbrit\u201d, acesta descrie o tehnic\u0103 de colorare a p\u0103rului, \u00een care o culoare de baz\u0103, mai \u00eenchis\u0103, este deschis\u0103 treptat, de-a lungul lungimii firului de p\u0103r (de obicei, \u00eencep\u00e2nd pe la jum\u0103tate lungimii), pentru a [&hellip;]<\/p>\n","protected":false},"author":1,"featured_media":551,"parent":0,"menu_order":0,"comment_status":"closed","ping_status":"closed","template":"","meta":{"_et_pb_use_builder":"on","_et_pb_old_content":"<p style=\"text-align: center; font-weight: normal; font-size: 18px;\"><i><span style=\"font-weight: 400;\">\u00centotdeauna referin\u021b\u0103 pentru mod\u0103 \u0219i frumuse\u021be, Fran\u021ba este locul de origine al cuv\u00e2ntului \u201eombr\u00e9\u201d (pronun\u021bat \u201eom-bre\u201d). Av\u00e2nd sensul propriu de \u201eumbrit\u201d, acesta descrie o tehnic\u0103 de colorare a p\u0103rului, \u00een care o culoare de baz\u0103, mai \u00eenchis\u0103, este deschis\u0103 treptat, de-a lungul lungimii firului de p\u0103r (de obicei, \u00eencep\u00e2nd pe la jum\u0103tate lungimii), pentru a crea, spre v\u00e2rfurile p\u0103rului, un efect de \u201cluminare\u201d.<\/span><\/i><\/p>\n\n\n<span style=\"font-weight: 400;\">F\u0103r\u0103 s\u0103 dea semne c\u0103 pierde din popularitate, p\u0103rul ombre este una dintre cele mai de impact tendin\u021be de colorare din ultimele dou\u0103 decenii. Dar care este diferen\u021ba dintre <\/span><i><span style=\"font-weight: 400;\">ombre<\/span><\/i><span style=\"font-weight: 400;\"> \u0219i <\/span><i><span style=\"font-weight: 400;\">balayage<\/span><\/i><span style=\"font-weight: 400;\"> sau alte tehnici de colorare a p\u0103rului? <\/span>\n\n<span style=\"font-weight: 400;\">Cite\u0219te ghidul nostru <\/span><i><span style=\"font-weight: 400;\">ombre<\/span><\/i><span style=\"font-weight: 400;\">, inclusiv sfaturile de specialitate despre cum s\u0103 profi\u021bi la maximum de aceast\u0103 tehnic\u0103 de colorare.\u00a0<\/span>\n\n<span style=\"font-weight: 400;\">Echipa Man!fest - veritabili exper\u021bi L\u2019Or\u00e9al Professionnel, \u00een permanent\u0103 leg\u0103tur\u0103 cu noile trenduri \u0219i av\u00e2nd expertiza necesar\u0103 pentru a r\u0103spunde tuturor nevoilor p\u0103rului t\u0103u - \u0219i creat\u0103 de c\u0103tre ambasadorul\u00a0 L\u2019Or\u00e9al Professionnel - Florin Noje -\u00a0 te a\u0219teapt\u0103 \u00een salon, pregatit\u0103 de orice provocare.\u00a0<\/span>\n\n<span style=\"font-weight: 400;\">Salon Man!fest face parte din pu\u021binele \u0219i atent selec\u021bionatele Salon Expert\u00a0 - L\u2019Or\u00e9al Professionnel.<\/span>\n\n<span style=\"font-weight: 400;\">Serviciile \u0219i imaginea unui Salon Expert sunt la cel mai \u00eenalt standard. Aici pute\u021bi g\u0103si \u00eentreaga gam\u0103 de produse L\u2019Or\u00e9al Professionnel \u0219i servicii dezvoltate exclusiv pentru coaforii acredita\u021bi de Academia L\u2019Or\u00e9al Professionnel.<\/span>\n<h2 style=\"text-align: center;\"><\/h2>\n<h2 style=\"text-align: center;\"><span style=\"font-weight: 400;\">\u00a0Ce inseamna vopsirea parului ombre?<\/span><\/h2>\n<span style=\"font-weight: 400;\">Una dintre cele mai des \u00eent\u00e2lnite confuzii atunci c\u00e2nd vine vorba de tehnicile de colorare este diferen\u021ba dintre <\/span><i><span style=\"font-weight: 400;\">p\u0103rul ombre<\/span><\/i><span style=\"font-weight: 400;\"> \u0219i <\/span><i><span style=\"font-weight: 400;\">balayage<\/span><\/i><span style=\"font-weight: 400;\"> (un alt cuv\u00e2nt francez, de la \u201ebalayer\u201d care \u00eenseamn\u0103 \u201ea m\u0103tura\u201d).<\/span>\n\n<span style=\"font-weight: 400;\">P\u0103rul <\/span><i><span style=\"font-weight: 400;\">ombr\u00e9<\/span><\/i><span style=\"font-weight: 400;\"> este o tehnic\u0103 de colorare gradual\u0103, cu trecere de la mai \u00eenchis la mai deschis, \u00een timp ce balayage este o tehnic\u0103 de eviden\u021biere.<\/span>\n\n<span style=\"font-weight: 400;\">O alt\u0103 tehnic\u0103 de colorare a p\u0103rului este <\/span><i><span style=\"font-weight: 400;\">sombre<\/span><\/i><span style=\"font-weight: 400;\">, care este o versiune mai moale \u0219i mai subtil\u0103 a p\u0103rului ombre, cu o tranzi\u021bie mai pu\u021bin vizibil\u0103 \u00eentre r\u0103d\u0103cini \u0219i culorile de v\u00e2rf.<\/span>\n\n<span style=\"font-weight: 400;\">\u00cen cele din urm\u0103, adesea confundat\u0103 cu p\u0103rul <\/span><i><span style=\"font-weight: 400;\">ombr\u00e9<\/span><\/i><span style=\"font-weight: 400;\">, colorarea d<\/span><i><span style=\"font-weight: 400;\">ip-dye<\/span><\/i><span style=\"font-weight: 400;\"> are o gradare deloc subtil\u0103 \u00eentre culorile mai \u00eenchise \u0219i mai deschise. Numele s\u0103u v\u0103 va ajuta s\u0103 v\u0103 aminti\u021bi diferen\u021ba: dip-dye arat\u0103 de parc\u0103 tocmai v-a\u021bi fi scufundat p\u0103rul \u00eentr-o alt\u0103 culoare. Stilul Dip Dye presupune, deci, o decolorare brusc\u0103 a p\u0103rului, cu aproape nicio urm\u0103 de tranzi\u021bie.<\/span>\n<h2><\/h2>\n<h2 style=\"text-align: center;\"><span style=\"font-weight: 400;\">In ce consta tehnica de vopsit ombre?<\/span><\/h2>\n<span style=\"font-weight: 400;\">Ombr\u00e9 presupune o deschidere treptat\u0103 a nuan\u021bei de baz\u0103 cu o tranzi\u021bie subtil\u0103, dar dens\u0103, de la r\u0103d\u0103cini c\u0103tre v\u00e2rfuri. Tranzi\u021bia culorii de la tonuri mai \u00eenchise c\u0103tre tonurile mai deschise \u00eenspre v\u00e2rfuri nu a fost \u00eentotdeauna subtil\u0103.<\/span>\n\n<span style=\"font-weight: 400;\">Superbul Ombr\u00e9 este, de fapt, o versiune modern\u0103 a stilului Dip Dye - stilul consacrat al Madonnei din anii \u201980.<\/span>\n\n<span style=\"font-weight: 400;\">Ei bine, prin anii 2000, mai multe vedete, printre care \u0219i Drew Barrymore sau Gwen Stefani, au decis s\u0103 adopte acest look rebel, vopsindu-\u0219i p\u0103rul blond \u0219i p\u0103str\u00e2ndu-\u0219i r\u0103d\u0103cinile naturale. Pe parcursul timpului, aceast\u0103 tehnic\u0103 de decolorare a devenit extrem de apreciat\u0103 de hairstili\u0219ti, iar recent a evoluat \u00eentr-unul din look-urile noastre preferate: stilul Ombr\u00e9! <\/span>\n\n<span style=\"font-weight: 400;\">Diferen\u021ba dintre cele dou\u0103 tehnici de vopsire descrise mai sus? Ei bine, totul const\u0103 \u00een tranzi\u021bie.<\/span>\n<h2 style=\"text-align: center;\"><span style=\"font-weight: 400;\">Care sunt tipurile de vopsit ombre?<\/span><\/h2>\n<span style=\"font-weight: 400;\">Stilul Ombr\u00e9 se potrive\u0219te cu prec\u0103dere p\u0103rului lung, \u00eens\u0103, aproape la fel de spectaculoase sunt color\u0103rile ombre pe p\u0103r mediu. Tehnica este u\u0219or de aplicat pe orice textur\u0103 de par, cu aten\u021bie deosebit\u0103 pe partea de protec\u021bie a firului mai ales c\u00e2nd vorbim de p\u0103rul fin<\/span>\n<h2 style=\"text-align: center;\"><span style=\"font-weight: 400;\">In functie de culoare<\/span><\/h2>\n<span style=\"font-weight: 400;\">Colorarea ombre depinde, \u00een mare m\u0103sur\u0103, de culoarea natural\u0103 a p\u0103rului \u0219i par\u021bial de lungimea acestuia, dar nu e limitat\u0103 de acestea. Po\u021bi \u00eencerca diverse varia\u021biuni - chiar \u0219i ombre r\u0103sturnat (\u00eenchis la v\u00e2rfuri \u0219i deschis la r\u0103d\u0103cini); sau po\u021bi \u00eencerca versiuni de ombre pe p\u0103rul scurt - rezultatele pot fi surprinz\u0103toare. <\/span>\n\n<span style=\"font-weight: 400;\">\u00cens\u0103, ombre a fost creat pentru p\u0103rul lung \u0219i somptuos. P\u0103rul lung \u0219i blond ombre este fermec\u0103tor tocmai datorit\u0103 jocului dat de aspectul moale \u0219i de tonurile \u00eenchise. Tente delicioase de caramel \u0219i ciocolat\u0103 se amestec\u0103 perfect \u00een p\u0103rul lung brun ombre. Iar fascinantul ro\u0219cat \u00ee\u0219i g\u0103se\u0219te\u00a0 o nou\u0103 defini\u021bie trecut prin acest stil at\u00e2t de dorit \u0219i de cerut.<\/span>\n<h2 style=\"text-align: center;\"><span style=\"font-weight: 400;\">In functie de lungimea parului<\/span><\/h2>\n<h2 style=\"text-align: center;\"><span style=\"font-weight: 400;\">In functie de tipul de par<\/span><\/h2>\n<h2 style=\"text-align: center; margin-top: 80px;\"><span style=\"font-weight: 400;\">Care este diferenta dintre vopsitul balayage vs. ombre\u00a0<\/span><\/h2>\n<span style=\"font-weight: 400;\">Aceste dou\u0103 tehnici de vopsit p\u0103rul difer\u0103 \u00een mai multe aspecte, de\u0219i ca rezultat sunt similare. Ombre face trecerea de la o culoare \u00eenchis\u0103 la una deschis\u0103 de la jum\u0103tatea p\u0103rului \u00een jos, pe c\u00e2nd balayage \u00eencepe aproape de r\u0103d\u0103cin\u0103. Ombre are ca direc\u021bie de dispunere a decolorantului pe orizontal\u0103 pe c\u00e2nd pentru balayage, decolorantul se plaseaz\u0103 mai mult pe vertical\u0103. Ombre este un stil, balayage este o tehnic\u0103.\u00a0<\/span>\n\n<span style=\"font-weight: 400;\">Ombre \u00eenseamn\u0103 \u201ctrecerea de la \u00eentuneric la lumin\u0103\u201d, astfel \u00eenc\u00e2t balayage este, de fapt, o tehnic\u0103 utilizat\u0103 pentru a crea ombre. V\u00e2rfurile devin mult mai deschise cu ombre dec\u00e2t cu balayage, deoarece \u00eentreaga \u0219uvi\u021b\u0103 este decolorat\u0103 pentru a ob\u021bine un \u201efinisaj mai solid\u201d. Cu balayage, \u0219uvi\u021bele sunt pu\u021bin vopsite, iar cele vopsite se pierd \u00een p\u0103r.<\/span>\n\n<span style=\"font-weight: 400;\">Unul dintre motivele pentru care p\u0103rul ombre este un aspect at\u00e2t de popular este datorit\u0103 faptului c\u0103 este u\u0219or de \u00eentre\u021binut. Datorit\u0103 gradualit\u0103\u021bii culorii, pe m\u0103sur\u0103 ce p\u0103rul cre\u0219te, sec\u021biunile mai deschise se mi\u0219c\u0103 subtil spre v\u00e2rfuri. Pentru a readuce la via\u021b\u0103 zonele care \u0219i-au pierdut culoarea \u0219i pentru a ob\u021bine acel fini\u0219 natural \u0219i str\u0103lucitor, care \u00ee\u021bi flateaz\u0103 tonul fe\u021bei \u0219i pielii, L'Or\u00e9al Professionnel ofer\u0103 un tratament de colorare personalizat - Instant Highlights Rapid \u0219i extrem de eficient, acest sistem de iluminare folose\u0219te tehnologia pro-heat pentru a decolora p\u0103rul cu p\u00e2n\u0103 la 6 niveluri, re\u00eemprosp\u0103t\u00e2nd instantaneu p\u0103rul ombre, f\u0103r\u0103 a fi nevoie de o recolorare complet\u0103. <\/span>\n\nPentru \u00eengrijirea zilnic\u0103 a p\u0103rului, opteaz\u0103 pentru produse care s\u0103 protejeze culoarea \u0219i s\u0103 \u00eei sporeasc\u0103 str\u0103lucirea. Colec\u021bia de \u00eengrijire a p\u0103rului Vitamino Color de la Serie Expert a fost creat\u0103 special pentru p\u0103rul ombre. Pentru ombre blonde, \u00eencerca\u021bi Blondifer Gloss Shampoo, Blondifer Hair Mask &amp; CC Cream pentru blonde - fiecare produs ajut\u0103 la men\u021binerea str\u0103lucirii \u0219i protejarea acestuia de agresiunile de mediu, cum ar fi vremea \u0219i poluarea.\n<i><span style=\"font-weight: 400;\">p\u0103rul ombre<\/span><\/i><span style=\"font-weight: 400;\"> \u0219i <\/span><i><span style=\"font-weight: 400;\">balayage<\/span><\/i><span style=\"font-weight: 400;\"> (un alt cuv\u00e2nt francez, de la \u201ebalayer\u201d care \u00eenseamn\u0103 \u201ea m\u0103tura\u201d).<\/span>\n<h2 style=\"text-align: center;\"><span style=\"font-weight: 400;\">Ce recomanda echipa noastra de hairstylisti<\/span><\/h2>\n<span style=\"font-weight: 400;\">Pentru te bucura de adev\u0103ratul efect ombre, una dintre cele mai bune modalit\u0103\u021bi este de a-l coafa cat mai sauvage sau folosindu-te de buclele cu aspect natural pentru a atrage aten\u021bia asupra jocului culorilor de-a lungul lungimilor.\u00a0<\/span>\n\n<span style=\"font-weight: 400;\">Pentru aceasta, indiferent dac\u0103 p\u0103rul t\u0103u este ondulat natural sau nu, \u00ee\u021bi recomand\u0103m s\u0103 folose\u0219ti crema de styling <\/span><i><span style=\"font-weight: 400;\">Siren Waves<\/span><\/i><span style=\"font-weight: 400;\"> din colec\u021bia de <\/span><i><span style=\"font-weight: 400;\">styling a p\u0103rului Tecni.ART<\/span><\/i><span style=\"font-weight: 400;\">.<\/span>\n\n<span style=\"font-weight: 400;\">Pur \u0219i simplu, se aplic\u0103 pe p\u0103rul umed, pe care \u00eel usuci \u00eenainte de a ondula lungimile \u00een sec\u021biuni de 2 inci, ulterior treci degetele prin p\u0103r pentru \u201ca rupe\u201d buclele, pentru un finisaj natural.<\/span>","_et_gb_content_width":"1080","footnotes":""},"class_list":["post-2336","page","type-page","status-publish","has-post-thumbnail","hentry"],"_links":{"self":[{"href":"https:\/\/salonmanifest.ro\/index.php?rest_route=\/wp\/v2\/pages\/2336","targetHints":{"allow":["GET"]}}],"collection":[{"href":"https:\/\/salonmanifest.ro\/index.php?rest_route=\/wp\/v2\/pages"}],"about":[{"href":"https:\/\/salonmanifest.ro\/index.php?rest_route=\/wp\/v2\/types\/page"}],"author":[{"embeddable":true,"href":"https:\/\/salonmanifest.ro\/index.php?rest_route=\/wp\/v2\/users\/1"}],"replies":[{"embeddable":true,"href":"https:\/\/salonmanifest.ro\/index.php?rest_route=%2Fwp%2Fv2%2Fcomments&post=2336"}],"version-history":[{"count":0,"href":"https:\/\/salonmanifest.ro\/index.php?rest_route=\/wp\/v2\/pages\/2336\/revisions"}],"wp:featuredmedia":[{"embeddable":true,"href":"https:\/\/salonmanifest.ro\/index.php?rest_route=\/wp\/v2\/media\/551"}],"wp:attachment":[{"href":"https:\/\/salonmanifest.ro\/index.php?rest_route=%2Fwp%2Fv2%2Fmedia&parent=2336"}],"curies":[{"name":"wp","href":"https:\/\/api.w.org\/{rel}","templated":true}]}}