{"id":2332,"date":"2024-03-10T20:28:54","date_gmt":"2024-03-10T20:28:54","guid":{"rendered":"http:\/\/www.salonmanifest.ro\/?page_id=591"},"modified":"2024-05-27T19:55:50","modified_gmt":"2024-05-27T19:55:50","slug":"vopsit-par","status":"publish","type":"page","link":"https:\/\/salonmanifest.ro\/?page_id=2332","title":{"rendered":"VOPSIT PAR"},"content":{"rendered":"<p>[et_pb_section fb_built=&#8221;1&#8243; _builder_version=&#8221;4.25.1&#8243; hover_enabled=&#8221;0&#8243; global_colors_info=&#8221;{}&#8221; background_color=&#8221;#69533e&#8221; sticky_enabled=&#8221;0&#8243;][et_pb_row _builder_version=&#8221;4.25.1&#8243; _module_preset=&#8221;default&#8221;][et_pb_column _builder_version=&#8221;4.25.1&#8243; _module_preset=&#8221;default&#8221; type=&#8221;4_4&#8243;][et_pb_heading title=&#8221;Vopsit Par&#8221; _builder_version=&#8221;4.25.1&#8243; _module_preset=&#8221;default&#8221; hover_enabled=&#8221;0&#8243; sticky_enabled=&#8221;0&#8243; title_text_align=&#8221;center&#8221; title_text_color=&#8221;#FFFFFF&#8221;][\/et_pb_heading][\/et_pb_column][\/et_pb_row][\/et_pb_section][et_pb_section fb_built=&#8221;1&#8243; _builder_version=&#8221;4.16&#8243; global_colors_info=&#8221;{}&#8221;][et_pb_row _builder_version=&#8221;4.16&#8243; background_size=&#8221;initial&#8221; background_position=&#8221;top_left&#8221; background_repeat=&#8221;repeat&#8221; global_colors_info=&#8221;{}&#8221;][et_pb_column type=&#8221;4_4&#8243; _builder_version=&#8221;4.16&#8243; custom_padding=&#8221;|||&#8221; global_colors_info=&#8221;{}&#8221; custom_padding__hover=&#8221;|||&#8221;][et_pb_text _builder_version=&#8221;4.25.1&#8243; background_size=&#8221;initial&#8221; background_position=&#8221;top_left&#8221; background_repeat=&#8221;repeat&#8221; hover_enabled=&#8221;0&#8243; global_colors_info=&#8221;{}&#8221; sticky_enabled=&#8221;0&#8243;]<\/p>\n<p>&nbsp;<\/p>\n<p style=\"text-align: center; font-weight: normal; font-size: 18px;\"><i><span style=\"font-weight: 400;\">\u201cSenza\u021bia pe care o am atunci c\u00e2nd urmeaz\u0103 s\u0103 vopsesc e\u00a0precum cea din fa\u021ba unei foi albe, <\/span><\/i><i><span style=\"font-weight: 400;\">c\u00e2nd \u021bii pensula \u00een m\u00e2n\u0103. Pentru cel care prive\u0219te, faci un act de magie.\u201d<\/span><\/i><\/p>\n<p>&nbsp;<\/p>\n<h5 style=\"text-align: center;\">Florin Noje, Ambasador L&#8217;Or\u00e9al Professionnel<\/h5>\n<p>&nbsp;<\/p>\n<p><span style=\"font-weight: 400;\">Ai sim\u021bit, nu-i a\u0219a, un sentiment accentuat de entuziasm dup\u0103 ce ai ales s\u0103 modifici ceva \u00een via\u021ba ta? Femeile au inventat speciali\u0219tii \u00een vopsirea p\u0103rului. <\/span><span style=\"font-weight: 400;\">Senza\u021bia pe care o am atunci c\u00e2nd urmeaz\u0103 s\u0103 vopsesc e precum cea din fa\u021ba unei foi albe, <\/span><span style=\"font-weight: 400;\">c\u00e2nd \u021bii pensula \u00een m\u00e2n\u0103. Pentru cel care prive\u0219te, faci un act de magie.<\/span><\/p>\n<p><span style=\"font-weight: 400;\">\u00cen ceea ce te prive\u0219te pe tine, cititoareo, cum te pozi\u021bionezi fa\u021b\u0103 de ritualul acesta interesant de frumuse\u021be? E un gest absolut de rupere de ritm, de suflu nou sau o colorare, un paravan al firelor albe, o nevoie dictat\u0103 de genetic\u0103, un fel de bifare a taskului \u201csalon tuns\u201d pe lista tipic\u0103 de \u00eentre\u021binere a frumuse\u021bii?<\/span><\/p>\n<p><span style=\"font-weight: 400;\">De oricare parte a baricadei ai fi, suntem aici ca s\u0103 te ajut\u0103m s\u0103 \u00een\u021belegi ce se petrece, din punct de vedere tehnic, atunci c\u00e2nd vopsim p\u0103rul. Gra\u021bie \u00eenaltei tehnologii \u0219i cercet\u0103rilor de ultim\u0103 genera\u021bie, produsele aplicate sunt din ce \u00een ce mai confortabile, dar o vopsire nu este \u00eentotdeauna inofensiv\u0103.\u00a0<\/span><\/p>\n<div class=\"media-image \"><\/div>\n<div class=\"media-body text-center\"><\/div>\n<p style=\"text-align: center;\"><strong><\/strong><\/p>\n<p style=\"text-align: center;\"><strong>Florin Noje ne poveste\u0219te faptul c\u0103 exist\u0103 dou\u0103 tipuri de vopsire:\u00a0<\/strong><\/p>\n<ul>\n<li style=\"font-weight: 400;\" aria-level=\"1\"><span style=\"font-weight: 400;\">vopsirea semipermanenta sau temporar\u0103 &#8211; impregnarea p\u0103rului cu diverse substan\u021be colorate care se estompeaz\u0103 dup\u0103 sp\u0103lare. Ce o face deosebit\u0103 e c\u0103 nu determin\u0103 modific\u0103ri ale melaninei naturale, pentru c\u0103 r\u0103m\u00e2ne la periferia firului \u0219i nu p\u0103trunde \u00een miezul s\u0103u. Este eficient\u0103 pentru primele fire albe.<\/span><\/li>\n<\/ul>\n\n\t\t<style type=\"text\/css\">\n\t\t\t#gallery-1 {\n\t\t\t\tmargin: auto;\n\t\t\t}\n\t\t\t#gallery-1 .gallery-item {\n\t\t\t\tfloat: left;\n\t\t\t\tmargin-top: 10px;\n\t\t\t\ttext-align: center;\n\t\t\t\twidth: 50%;\n\t\t\t}\n\t\t\t#gallery-1 img {\n\t\t\t\tborder: 2px solid #cfcfcf;\n\t\t\t}\n\t\t\t#gallery-1 .gallery-caption {\n\t\t\t\tmargin-left: 0;\n\t\t\t}\n\t\t\t\/* see gallery_shortcode() in wp-includes\/media.php *\/\n\t\t<\/style>\n\t\t<div id='gallery-1' class='gallery galleryid-2332 gallery-columns-2 gallery-size-full'><dl class='gallery-item'>\n\t\t\t<dt class='gallery-icon portrait'>\n\t\t\t\t<img decoding=\"async\" width=\"1200\" height=\"1600\" src=\"https:\/\/salonmanifest.ro\/wp-content\/uploads\/2024\/05\/IMG-20210215-WA0002.jpg\" class=\"attachment-full size-full\" alt=\"\" srcset=\"https:\/\/salonmanifest.ro\/wp-content\/uploads\/2024\/05\/IMG-20210215-WA0002.jpg 1200w, https:\/\/salonmanifest.ro\/wp-content\/uploads\/2024\/05\/IMG-20210215-WA0002-980x1307.jpg 980w, https:\/\/salonmanifest.ro\/wp-content\/uploads\/2024\/05\/IMG-20210215-WA0002-480x640.jpg 480w\" sizes=\"(min-width: 0px) and (max-width: 480px) 480px, (min-width: 481px) and (max-width: 980px) 980px, (min-width: 981px) 1200px, 100vw\" \/>\n\t\t\t<\/dt><\/dl><dl class='gallery-item'>\n\t\t\t<dt class='gallery-icon portrait'>\n\t\t\t\t<img decoding=\"async\" width=\"1200\" height=\"1600\" src=\"https:\/\/salonmanifest.ro\/wp-content\/uploads\/2024\/05\/IMG-20210215-WA0003.jpg\" class=\"attachment-full size-full\" alt=\"\" srcset=\"https:\/\/salonmanifest.ro\/wp-content\/uploads\/2024\/05\/IMG-20210215-WA0003.jpg 1200w, https:\/\/salonmanifest.ro\/wp-content\/uploads\/2024\/05\/IMG-20210215-WA0003-980x1307.jpg 980w, https:\/\/salonmanifest.ro\/wp-content\/uploads\/2024\/05\/IMG-20210215-WA0003-480x640.jpg 480w\" sizes=\"(min-width: 0px) and (max-width: 480px) 480px, (min-width: 481px) and (max-width: 980px) 980px, (min-width: 981px) 1200px, 100vw\" \/>\n\t\t\t<\/dt><\/dl><br style=\"clear: both\" \/>\n\t\t<\/div>\n\n<ul>\n<li style=\"font-weight: 400;\" aria-level=\"1\"><span style=\"font-weight: 400;\">vopsirea de oxidare sau permanent\u0103 &#8211; adaptat\u0103 pentru cantit\u0103\u021bi mari de fire albe. Aceast\u0103 p\u0103trunde, datorit\u0103 unui proces chimic special, p\u00e2n\u0103 \u00een miezul firului de p\u0103r \u0219i \u00eel decoloreaz\u0103 mai \u00eent\u00e2i (pentru a elimina toat\u0103 melanina natural\u0103), iar ulterior \u00eel recoloreaz\u0103 \u00een nuan\u021ba aleas\u0103.<\/span><\/li>\n<\/ul>\n<p>[\/et_pb_text][et_pb_accordion _builder_version=&#8221;4.25.1&#8243; _module_preset=&#8221;default&#8221; hover_enabled=&#8221;0&#8243; sticky_enabled=&#8221;0&#8243;][et_pb_accordion_item title=&#8221;Vopsit clasic&#8221; _builder_version=&#8221;4.25.1&#8243; _module_preset=&#8221;default&#8221; open=&#8221;on&#8221; hover_enabled=&#8221;0&#8243; sticky_enabled=&#8221;0&#8243;]<\/p>\n<p><span>Vopsitul clasic este cea mai u\u0219oar\u0103 \u0219i rapid\u0103 form\u0103 de schimbare a look-ului. Se refer\u0103 la utilizarea unei singure nuan\u021be, se potrive\u0219te personalit\u0103\u021bilor conservatoare \u0219i, de obicei, presupune ca \u00eentre\u021binere, refacerea r\u0103d\u0103cinilor. Adeseori, dac\u0103 vrei o schimbare \u0219i nu te caracterizeaz\u0103 tehnicile de vopsit \u0219i culorile mai elaborate, po\u021bi \u00eencerca alegerea unei alte tonalit\u0103\u021bi de culoare.\u00a0<\/span><\/p>\n<p><span>Vopsitul clasic, dup\u0103 cum bine ai \u00een\u021beles, poate fi f\u0103cut \u0219i acas\u0103, dar nu \u00eentotdeauna iese ce \u021bi-ai dori. De cele mai multe ori, dac\u0103 ai un p\u0103r \u00eenchis \u0219i \u00eencerci nuan\u021be mai deschise, vopseaua nu va prinde, adic\u0103 nu vei observa nicio diferen\u021b\u0103.\u00a0<\/span><\/p>\n\n\t\t<style type=\"text\/css\">\n\t\t\t#gallery-2 {\n\t\t\t\tmargin: auto;\n\t\t\t}\n\t\t\t#gallery-2 .gallery-item {\n\t\t\t\tfloat: left;\n\t\t\t\tmargin-top: 10px;\n\t\t\t\ttext-align: center;\n\t\t\t\twidth: 50%;\n\t\t\t}\n\t\t\t#gallery-2 img {\n\t\t\t\tborder: 2px solid #cfcfcf;\n\t\t\t}\n\t\t\t#gallery-2 .gallery-caption {\n\t\t\t\tmargin-left: 0;\n\t\t\t}\n\t\t\t\/* see gallery_shortcode() in wp-includes\/media.php *\/\n\t\t<\/style>\n\t\t<div id='gallery-2' class='gallery galleryid-2332 gallery-columns-2 gallery-size-large'><dl class='gallery-item'>\n\t\t\t<dt class='gallery-icon landscape'>\n\t\t\t\t<img decoding=\"async\" width=\"1024\" height=\"775\" src=\"https:\/\/salonmanifest.ro\/wp-content\/uploads\/2024\/05\/beeatricemiu_20201109_103014-1024x775.jpg\" class=\"attachment-large size-large\" alt=\"\" srcset=\"https:\/\/salonmanifest.ro\/wp-content\/uploads\/2024\/05\/beeatricemiu_20201109_103014-1024x775.jpg 1024w, https:\/\/salonmanifest.ro\/wp-content\/uploads\/2024\/05\/beeatricemiu_20201109_103014-980x741.jpg 980w, https:\/\/salonmanifest.ro\/wp-content\/uploads\/2024\/05\/beeatricemiu_20201109_103014-480x363.jpg 480w\" sizes=\"(min-width: 0px) and (max-width: 480px) 480px, (min-width: 481px) and (max-width: 980px) 980px, (min-width: 981px) 1024px, 100vw\" \/>\n\t\t\t<\/dt><\/dl><dl class='gallery-item'>\n\t\t\t<dt class='gallery-icon landscape'>\n\t\t\t\t<img decoding=\"async\" width=\"1024\" height=\"775\" src=\"https:\/\/salonmanifest.ro\/wp-content\/uploads\/2024\/05\/beeatricemiu_20201109_103011-1024x775.jpg\" class=\"attachment-large size-large\" alt=\"\" srcset=\"https:\/\/salonmanifest.ro\/wp-content\/uploads\/2024\/05\/beeatricemiu_20201109_103011-1024x775.jpg 1024w, https:\/\/salonmanifest.ro\/wp-content\/uploads\/2024\/05\/beeatricemiu_20201109_103011-980x741.jpg 980w, https:\/\/salonmanifest.ro\/wp-content\/uploads\/2024\/05\/beeatricemiu_20201109_103011-480x363.jpg 480w\" sizes=\"(min-width: 0px) and (max-width: 480px) 480px, (min-width: 481px) and (max-width: 980px) 980px, (min-width: 981px) 1024px, 100vw\" \/>\n\t\t\t<\/dt><\/dl><br style=\"clear: both\" \/>\n\t\t<\/div>\n\n<p><span>Mai mult, po\u021bi foarte u\u0219or s\u0103-\u021bi arzi sau strici structura firului de p\u0103r. Este mai bine s\u0103 nu faci experimente acas\u0103, ci s\u0103 mergi la salon pentru a avea fix rezultatul pe care \u021bi-l dore\u0219\u021bi. Ai parte de servicii de calitate, dar mai ales de ghidare \u0219i de sfaturi de la o persoan\u0103 care a mai v\u0103zut sute de coafuri \u0219i culori de p\u0103r p\u00e2n\u0103 acum.\u00a0<\/span><\/p>\n<p><span>\u00cen plus, cite\u0219te mai departe sfaturile noastre \u0219i treci prin stylingurile realizate de echipa Man!fest. Sper\u0103m s\u0103 te putem inspir\u0103 s\u0103 te reinventezi. Dac\u0103 vrei s\u0103 te ajut\u0103m cu un sfat sau chiar cu o transformare, nu ezita\u00a0s\u0103 ne suni sau s\u0103 ne scrii.<\/span><\/p>\n<p>[\/et_pb_accordion_item][et_pb_accordion_item title=&#8221; Vopsit blond&#8221; _builder_version=&#8221;4.25.1&#8243; _module_preset=&#8221;default&#8221; open=&#8221;off&#8221; hover_enabled=&#8221;0&#8243; sticky_enabled=&#8221;0&#8243;]<\/p>\n<p><span>Culoarea schimb\u0103 starea! Blondul a fost, din toate timpurile, etalonul de aur al frumuse\u021bii clasice \u0219i a \u00eencoronat cu gloria sa o \u00eentreag\u0103 galaxie de vedete.<\/span><\/p>\n<p><span>Mereu mitic, blondul te proiecteaz\u0103 \u00een lumina, de\u0219i, paradoxal, nu va fi niciodat\u0103 la fel de str\u0103lucitor precum un p\u0103r \u00eenchis la culoare. Blondul angelic sau fatal, de la Marilyn \u0219i Bardot\u00a0 la Sharon Stone sau de la Deneuve la Madonna a fost, perpetuu, simbolul indestructibil al unei anumite feminit\u0103\u021bi. Ast\u0103zi, \u00eel g\u0103sim \u00eentr-o infinitate de nuan\u021be de la nisipiu la miere sau caramel.\u00a0<\/span><\/p>\n<p><span>Schimbarea culorii p\u0103rului \u00een blond te poate ajuta s\u0103 te sim\u021bi mai t\u00e2n\u0103r\u0103 \u0219i mai atr\u0103g\u0103toare, nu mai vorbim de faptul c\u0103 \u00ee\u021bi d\u0103 mai mult\u0103 \u00eencredere \u00een sine. Accentele de culoare pe care le pori ob\u021bine cu ajutorul blondului sunt potrivite unei personalit\u0103\u021bi juc\u0103u\u0219e, optimiste.\u00a0<\/span><\/p>\n<p><span>Ai de ales \u00eentre:<\/span><\/p>\n<ul>\n<li aria-level=\"1\"><span>blondul bebe care se preteaz\u0103 tenurilor terne \u0219i diafane, \u0219i confer\u0103 fe\u021bei ceva din fragilitatea copil\u0103riei, evoc\u0103 plaj\u0103 \u0219i soarele;<\/span><\/li>\n<li aria-level=\"1\"><span>blondul \u00eenchis auriu, caramel-alun\u0103 \u0219i miere &#8211; cele care schimb\u0103 regula jocului \u00een combina\u021bie cu baza luminoas\u0103<\/span><\/li>\n<li aria-level=\"1\"><span>blondul nordic natural &#8211; autentic &#8211; mai cur\u00e2nd pastelat dec\u00e2t blondul nordic \u201cfals\u201d &#8211; mai cur\u00e2nd sofisticat \u0219i construit \u00een jurul nuan\u021belor alb-negru.<\/span><\/li>\n<\/ul>\n\n\t\t<style type=\"text\/css\">\n\t\t\t#gallery-3 {\n\t\t\t\tmargin: auto;\n\t\t\t}\n\t\t\t#gallery-3 .gallery-item {\n\t\t\t\tfloat: left;\n\t\t\t\tmargin-top: 10px;\n\t\t\t\ttext-align: center;\n\t\t\t\twidth: 50%;\n\t\t\t}\n\t\t\t#gallery-3 img {\n\t\t\t\tborder: 2px solid #cfcfcf;\n\t\t\t}\n\t\t\t#gallery-3 .gallery-caption {\n\t\t\t\tmargin-left: 0;\n\t\t\t}\n\t\t\t\/* see gallery_shortcode() in wp-includes\/media.php *\/\n\t\t<\/style>\n\t\t<div id='gallery-3' class='gallery galleryid-2332 gallery-columns-2 gallery-size-large'><dl class='gallery-item'>\n\t\t\t<dt class='gallery-icon portrait'>\n\t\t\t\t<img decoding=\"async\" width=\"905\" height=\"1024\" src=\"https:\/\/salonmanifest.ro\/wp-content\/uploads\/2024\/05\/iuliantimisica_20201229_092147-1-905x1024.jpg\" class=\"attachment-large size-large\" alt=\"\" \/>\n\t\t\t<\/dt><\/dl><dl class='gallery-item'>\n\t\t\t<dt class='gallery-icon portrait'>\n\t\t\t\t<img decoding=\"async\" width=\"902\" height=\"1024\" src=\"https:\/\/salonmanifest.ro\/wp-content\/uploads\/2024\/05\/iuliantimisica_20201229_092150-1-1-902x1024.jpg\" class=\"attachment-large size-large\" alt=\"\" \/>\n\t\t\t<\/dt><\/dl><br style=\"clear: both\" \/>\n\t\t<\/div>\n\n<p><span>Blondul este culoarea pe unde intr\u0103 revolu\u021bia \u00een hairstyling. Dac\u0103 iei \u00een discu\u021bie s\u0103 te vopse\u0219\u021bi blond, ai de ales \u00eentre tehnici precum bronde, ombre \u0219i balayage; highlights \u0219i blondelights; foliage \u0219i hairgloss. Balayage este o tehnic\u0103 de colorare ale c\u0103rei efecte sunt cel mai vizibile pe nuan\u021be de blond (dar poate fi realizat\u0103 pe orice nuan\u021be). Tranzi\u021bia dintre \u0219uvi\u021bele \u00eenchise la culoare \u0219i cele deschise este mult mai soft \u0219i mai natural\u0103. Specific balayage-ului \u00eei este faptul c\u0103 nu toate \u0219uvi\u021bele de p\u0103r sunt atinse de culoare. Ombre, pe de cealalt\u0103 parte este o tehnic\u0103 de colorare \u00een care toate firele de p\u0103r sunt atinse de culoare iar tranzi\u021bia de la r\u0103d\u0103cini mai \u00eenchise la v\u00e2rfuri mai deschise se face mai abrupt.<\/span><\/p>\n<p><span>P\u0103rul vopsit este extrem de apreciat devenind \u0219i un mod de exprimare a personalit\u0103\u021bii, nu doar un mod de a urma trendul.\u00a0<\/span><\/p>\n<p>[\/et_pb_accordion_item][et_pb_accordion_item title=&#8221;Vopsit par saten, roscat, brunet&#8221; _builder_version=&#8221;4.25.1&#8243; _module_preset=&#8221;default&#8221; hover_enabled=&#8221;0&#8243; sticky_enabled=&#8221;0&#8243; open=&#8221;off&#8221;]<\/p>\n<p><span>\u0218atenul, roscatul \u0219i brunetul. S\u0103 le lu\u0103m pe r\u00e2nd.<\/span><\/p>\n<p><span>Ro\u0219catul este, \u00een sf\u00e2r\u0219it, recunoscut la adev\u0103rat\u0103 s\u0103 valoare, purt\u00e2nd \u00een sine o str\u0103lucire care a traversat secolele. Contrar celorlalte tonuri, ro\u0219catul impune o anumit\u0103 uniformitate pentru a cap\u0103t\u0103 profunzime \u0219i str\u0103lucire. Artificiale sau de compozi\u021bie, ro\u0219catele sunt purt\u0103toarele frumuse\u021bii pielii deschise. Ro\u0219catul artifical este foarte sensibil la agresiunea cotidianului &#8211; \u0219amponarile \u0219i tratamentele de repigmentare sunt necesare pentru a-i \u00eentre\u021bine flac\u0103ra.<\/span><\/p>\n\n\t\t<style type=\"text\/css\">\n\t\t\t#gallery-4 {\n\t\t\t\tmargin: auto;\n\t\t\t}\n\t\t\t#gallery-4 .gallery-item {\n\t\t\t\tfloat: left;\n\t\t\t\tmargin-top: 10px;\n\t\t\t\ttext-align: center;\n\t\t\t\twidth: 33%;\n\t\t\t}\n\t\t\t#gallery-4 img {\n\t\t\t\tborder: 2px solid #cfcfcf;\n\t\t\t}\n\t\t\t#gallery-4 .gallery-caption {\n\t\t\t\tmargin-left: 0;\n\t\t\t}\n\t\t\t\/* see gallery_shortcode() in wp-includes\/media.php *\/\n\t\t<\/style>\n\t\t<div id='gallery-4' class='gallery galleryid-2332 gallery-columns-3 gallery-size-large'><dl class='gallery-item'>\n\t\t\t<dt class='gallery-icon portrait'>\n\t\t\t\t<img decoding=\"async\" width=\"819\" height=\"1024\" src=\"https:\/\/salonmanifest.ro\/wp-content\/uploads\/2024\/05\/ligia.ghiulai_20210313_115229-1-819x1024.jpg\" class=\"attachment-large size-large\" alt=\"\" \/>\n\t\t\t<\/dt><\/dl><dl class='gallery-item'>\n\t\t\t<dt class='gallery-icon portrait'>\n\t\t\t\t<img decoding=\"async\" width=\"820\" height=\"1024\" src=\"https:\/\/salonmanifest.ro\/wp-content\/uploads\/2024\/05\/beeatricemiu_20210313_210408-820x1024.jpg\" class=\"attachment-large size-large\" alt=\"\" \/>\n\t\t\t<\/dt><\/dl><dl class='gallery-item'>\n\t\t\t<dt class='gallery-icon portrait'>\n\t\t\t\t<img decoding=\"async\" width=\"819\" height=\"1024\" src=\"https:\/\/salonmanifest.ro\/wp-content\/uploads\/2024\/05\/manifestsalon_20210314_091052-1-819x1024.jpg\" class=\"attachment-large size-large\" alt=\"\" \/>\n\t\t\t<\/dt><\/dl><br style=\"clear: both\" \/>\n\t\t<\/div>\n\n<p><span>\u0218atenul flateaz\u0103 tenul cu condi\u021bia de a-l face s\u0103 vibreze prin reflexe multiple \u0219i variate, p\u0103str\u00e2ndu-l \u00een tonalit\u0103\u021bile sale.<\/span><span>\u00a0Superb pe p\u0103rul semi-lung sau pe cel lung \u00een sc\u0103ri, \u0219atenul \u00ee\u0219i arat\u0103 toate amploarea \u00een nuan\u021be care chiar se potrivesc oricui &#8211; ar\u0103miu, maro-cald, \u0219aten-cenu\u0219iu \u0219i brun (pentru cele cu pielea deschis\u0103). Nu putem colora la fel p\u0103rul ondulat \u0219i cel drept. Pornind de la baz\u0103, putem adaug\u0103 c\u00e2teva me\u0219e \u00een tonalit\u0103\u021bi mai \u00eenchise \u021bin\u00e2nd seama de carnatie \u0219i de culoarea ochilor.\u00a0<\/span><\/p>\n<p><span>Brunetele! \u00ce\u0219i pot permite orice \u0219i au frumuse\u021bea de partea lor! Pentru ele au inventat stili\u0219tii efectul de oglind\u0103 &#8211; acel p\u0103r str\u0103lucitor \u0219i compact. Negrul-brun, negrul-corb cu reflexe alb\u0103strui, negrul-ar\u0103miu. Acesta din urm\u0103 diminueaz\u0103 ro\u0219ea\u021ba tenului. Pentru men\u021binerea frumuse\u021bii p\u0103rului brun, \u00eentre dou\u0103 color\u0103ri, folosi\u021bi o gama de \u0219ampon destinat\u0103 depigmentarii.\u00a0<\/span><\/p>\n<p><span>\u00cen \u00eencheiere, \u00eenainte de a alege o anumit\u0103 culoare, ar fi recomandat s\u0103 analizezi pu\u021bin culoarea tenului, a ochilor \u0219i structura firului de p\u0103r. De exemplu, dac\u0103 ai un fir de p\u0103r sub\u021bire, deteriorat \u0219i cu tendin\u021be de c\u0103dere, probabil c\u0103 ar fi o idee bun\u0103 s\u0103 nu \u00eel decolorezi. Decolorantul \u00eel va deteriora \u0219i mai mult, pe c\u00e2nd el are nevoie de c\u00e2t mai mult\u0103 \u00eengrijire.<\/span><\/p>\n<p>[\/et_pb_accordion_item][et_pb_accordion_item title=&#8221;Vopsit gri&#8221; _builder_version=&#8221;4.25.1&#8243; _module_preset=&#8221;default&#8221; hover_enabled=&#8221;0&#8243; sticky_enabled=&#8221;0&#8243; open=&#8221;off&#8221;]<\/p>\n<p><span>Gr\u00eeul este o culoare pentru dispozi\u021bie. Unic\u0103, asemenea unei amprente digitale, o culoare este alc\u0103tuit\u0103 din o mie de alte culori. Tehnica de vopsit gri a devenit tot mai popular\u0103 \u00een ultimii\u00a0anii. A fost adoptat\u0103 de vedete, iar oamenii au urmat vedeta lor preferat\u0103. Totu\u0219i pentru a ob\u021bine un p\u0103r\u00a0<\/span><i>gri<\/i><span>, este bine s\u0103 \u0219tii c\u0103 vei avea nevoie de o decolorare a p\u0103rului \u00een prim\u0103 faz\u0103, vopsit blond \u0219i dup\u0103 2-3 luni po\u021bi decolora p\u0103rul \u00eenc\u0103 o dat\u0103 pentru a ajunge la o nuan\u021b\u0103 suficient de apropiat\u0103 de gri. Apoi vei putea s\u0103 vopse\u0219ti p\u0103rul gri \u0219i s\u0103 \u00eel \u00eentre\u021bii cu ajutorul unui \u0219ampon nuan\u021bator.\u00a0<\/span><\/p>\n\n\t\t<style type=\"text\/css\">\n\t\t\t#gallery-5 {\n\t\t\t\tmargin: auto;\n\t\t\t}\n\t\t\t#gallery-5 .gallery-item {\n\t\t\t\tfloat: left;\n\t\t\t\tmargin-top: 10px;\n\t\t\t\ttext-align: center;\n\t\t\t\twidth: 50%;\n\t\t\t}\n\t\t\t#gallery-5 img {\n\t\t\t\tborder: 2px solid #cfcfcf;\n\t\t\t}\n\t\t\t#gallery-5 .gallery-caption {\n\t\t\t\tmargin-left: 0;\n\t\t\t}\n\t\t\t\/* see gallery_shortcode() in wp-includes\/media.php *\/\n\t\t<\/style>\n\t\t<div id='gallery-5' class='gallery galleryid-2332 gallery-columns-2 gallery-size-large'><dl class='gallery-item'>\n\t\t\t<dt class='gallery-icon portrait'>\n\t\t\t\t<img decoding=\"async\" width=\"820\" height=\"1024\" src=\"https:\/\/salonmanifest.ro\/wp-content\/uploads\/2024\/05\/edith.official_20210313_213300-820x1024.jpg\" class=\"attachment-large size-large\" alt=\"\" \/>\n\t\t\t<\/dt><\/dl><dl class='gallery-item'>\n\t\t\t<dt class='gallery-icon portrait'>\n\t\t\t\t<img decoding=\"async\" width=\"819\" height=\"1024\" src=\"https:\/\/salonmanifest.ro\/wp-content\/uploads\/2024\/05\/IMG_20201204_103613_717-2-819x1024.jpg\" class=\"attachment-large size-large\" alt=\"\" \/>\n\t\t\t<\/dt><\/dl><br style=\"clear: both\" \/>\n\t\t<\/div>\n\n<p><span>Culoarea gri este dificil de ob\u021binut, dar \u0219i mai dificil este de men\u021binut. Dup\u0103 fiecare sp\u0103lare p\u0103rul are tendin\u021ba de a se \u00eenchide la culoare ajung\u00e2nd la un galben \u00eenchis pe care nimeni nu \u0219i-l dore\u0219te. Va trebui s\u0103 folose\u0219ti \u0219amponul pentru eliminare a galbenului de fiecare dat\u0103 c\u00e2nd te speli pe cap &#8211; procedur\u0103 cunoscut\u0103 drept neutralizare.<\/span><\/p>\n<p>[\/et_pb_accordion_item][et_pb_accordion_item title=&#8221;Vopsit in doua culori&#8221; _builder_version=&#8221;4.25.1&#8243; _module_preset=&#8221;default&#8221; hover_enabled=&#8221;0&#8243; sticky_enabled=&#8221;0&#8243; open=&#8221;off&#8221;]<\/p>\n<p><span>De\u0219i nu este at\u00e2t de des men\u021bionat, p\u0103rul vopsit \u00een dou\u0103 culori nu mai este de mult timp o extravagan\u021b\u0103, ci devine din ce \u00een ce mai popular. Dac\u0103 unor femei le place la nebunie, altora li se pare prea \u00eendr\u0103zne\u021b. Important este ca purt\u0103toarea s\u0103 fie fericit\u0103. Pentru un look deosebit, armonios ai nevoie de dou\u0103 culori care s\u0103 se \u00eembine frumos, nu doar s\u0103 fie culorile tale favorite. Cele mai des \u00eent\u00e2lnit combina\u021bii de culori sunt: ro\u0219cat &#8211; brunet, blond &#8211; brunet, brunet &#8211; \u0219aten. Dac\u0103 te \u00eentrebi cum aplici cele dou\u0103 culori, ei bine, nuan\u021ba mai \u00eenchis\u0103 ar st\u0103 dedesubt, iar cea deschis\u0103 deasupra.\u00a0<\/span><\/p>\n\n\t\t<style type=\"text\/css\">\n\t\t\t#gallery-6 {\n\t\t\t\tmargin: auto;\n\t\t\t}\n\t\t\t#gallery-6 .gallery-item {\n\t\t\t\tfloat: left;\n\t\t\t\tmargin-top: 10px;\n\t\t\t\ttext-align: center;\n\t\t\t\twidth: 50%;\n\t\t\t}\n\t\t\t#gallery-6 img {\n\t\t\t\tborder: 2px solid #cfcfcf;\n\t\t\t}\n\t\t\t#gallery-6 .gallery-caption {\n\t\t\t\tmargin-left: 0;\n\t\t\t}\n\t\t\t\/* see gallery_shortcode() in wp-includes\/media.php *\/\n\t\t<\/style>\n\t\t<div id='gallery-6' class='gallery galleryid-2332 gallery-columns-2 gallery-size-large'><dl class='gallery-item'>\n\t\t\t<dt class='gallery-icon landscape'>\n\t\t\t\t<img decoding=\"async\" width=\"1024\" height=\"1024\" src=\"https:\/\/salonmanifest.ro\/wp-content\/uploads\/2024\/05\/iuliantimisica_20210313_213946-1024x1024.jpg\" class=\"attachment-large size-large\" alt=\"\" srcset=\"https:\/\/salonmanifest.ro\/wp-content\/uploads\/2024\/05\/iuliantimisica_20210313_213946-1024x1024.jpg 1024w, https:\/\/salonmanifest.ro\/wp-content\/uploads\/2024\/05\/iuliantimisica_20210313_213946-980x979.jpg 980w, https:\/\/salonmanifest.ro\/wp-content\/uploads\/2024\/05\/iuliantimisica_20210313_213946-480x480.jpg 480w\" sizes=\"(min-width: 0px) and (max-width: 480px) 480px, (min-width: 481px) and (max-width: 980px) 980px, (min-width: 981px) 1024px, 100vw\" \/>\n\t\t\t<\/dt><\/dl><dl class='gallery-item'>\n\t\t\t<dt class='gallery-icon landscape'>\n\t\t\t\t<img decoding=\"async\" width=\"1024\" height=\"1024\" src=\"https:\/\/salonmanifest.ro\/wp-content\/uploads\/2024\/05\/iuliantimisica_20210313_213943-1024x1024.jpg\" class=\"attachment-large size-large\" alt=\"\" srcset=\"https:\/\/salonmanifest.ro\/wp-content\/uploads\/2024\/05\/iuliantimisica_20210313_213943-1024x1024.jpg 1024w, https:\/\/salonmanifest.ro\/wp-content\/uploads\/2024\/05\/iuliantimisica_20210313_213943-980x980.jpg 980w, https:\/\/salonmanifest.ro\/wp-content\/uploads\/2024\/05\/iuliantimisica_20210313_213943-480x480.jpg 480w\" sizes=\"(min-width: 0px) and (max-width: 480px) 480px, (min-width: 481px) and (max-width: 980px) 980px, (min-width: 981px) 1024px, 100vw\" \/>\n\t\t\t<\/dt><\/dl><br style=\"clear: both\" \/>\n\t\t<\/div>\n\n<p>[\/et_pb_accordion_item][\/et_pb_accordion][et_pb_text _builder_version=&#8221;4.16&#8243; background_size=&#8221;initial&#8221; background_position=&#8221;top_left&#8221; background_repeat=&#8221;repeat&#8221; global_colors_info=&#8221;{}&#8221; custom_padding=&#8221;||2px|||&#8221;]<\/p>\n<blockquote><\/blockquote>\n<p>&nbsp;<\/p>\n<p style=\"text-align: center;\">\n<h2><\/h2>\n<h2 style=\"text-align: center;\"><span style=\"font-weight: 400;\">Vopsit Balayage<\/span><\/h2>\n<p><span style=\"font-weight: 400;\">Dac\u0103 dore\u0219ti un look natural care s\u0103-i ofere p\u0103rului t\u0103u un efect natural \u0219i delicat, atunci po\u021bi \u00eencerca tehnica Balayage, renumit\u0103 pentru c\u0103 scoate \u00een eviden\u021b\u0103 tr\u0103s\u0103turile fe\u021bei \u0219i confer\u0103 o expresivitate mai accentuat\u0103. Cine nu \u00ee\u0219i dore\u0219te ochi sau buze puse \u00een eviden\u021b\u0103?<\/span><\/p>\n\n\t\t<style type=\"text\/css\">\n\t\t\t#gallery-7 {\n\t\t\t\tmargin: auto;\n\t\t\t}\n\t\t\t#gallery-7 .gallery-item {\n\t\t\t\tfloat: left;\n\t\t\t\tmargin-top: 10px;\n\t\t\t\ttext-align: center;\n\t\t\t\twidth: 50%;\n\t\t\t}\n\t\t\t#gallery-7 img {\n\t\t\t\tborder: 2px solid #cfcfcf;\n\t\t\t}\n\t\t\t#gallery-7 .gallery-caption {\n\t\t\t\tmargin-left: 0;\n\t\t\t}\n\t\t\t\/* see gallery_shortcode() in wp-includes\/media.php *\/\n\t\t<\/style>\n\t\t<div id='gallery-7' class='gallery galleryid-2332 gallery-columns-2 gallery-size-full'><dl class='gallery-item'>\n\t\t\t<dt class='gallery-icon portrait'>\n\t\t\t\t<img decoding=\"async\" width=\"1200\" height=\"1600\" src=\"https:\/\/salonmanifest.ro\/wp-content\/uploads\/2024\/05\/IMG-20201116-WA0008-1.jpg\" class=\"attachment-full size-full\" alt=\"\" srcset=\"https:\/\/salonmanifest.ro\/wp-content\/uploads\/2024\/05\/IMG-20201116-WA0008-1.jpg 1200w, https:\/\/salonmanifest.ro\/wp-content\/uploads\/2024\/05\/IMG-20201116-WA0008-1-980x1307.jpg 980w, https:\/\/salonmanifest.ro\/wp-content\/uploads\/2024\/05\/IMG-20201116-WA0008-1-480x640.jpg 480w\" sizes=\"(min-width: 0px) and (max-width: 480px) 480px, (min-width: 481px) and (max-width: 980px) 980px, (min-width: 981px) 1200px, 100vw\" \/>\n\t\t\t<\/dt><\/dl><dl class='gallery-item'>\n\t\t\t<dt class='gallery-icon portrait'>\n\t\t\t\t<img decoding=\"async\" width=\"1200\" height=\"1600\" src=\"https:\/\/salonmanifest.ro\/wp-content\/uploads\/2024\/05\/IMG-20201116-WA0004-1.jpg\" class=\"attachment-full size-full\" alt=\"\" srcset=\"https:\/\/salonmanifest.ro\/wp-content\/uploads\/2024\/05\/IMG-20201116-WA0004-1.jpg 1200w, https:\/\/salonmanifest.ro\/wp-content\/uploads\/2024\/05\/IMG-20201116-WA0004-1-980x1307.jpg 980w, https:\/\/salonmanifest.ro\/wp-content\/uploads\/2024\/05\/IMG-20201116-WA0004-1-480x640.jpg 480w\" sizes=\"(min-width: 0px) and (max-width: 480px) 480px, (min-width: 481px) and (max-width: 980px) 980px, (min-width: 981px) 1200px, 100vw\" \/>\n\t\t\t<\/dt><\/dl><br style=\"clear: both\" \/>\n\t\t<\/div>\n\n<p>Tehnica de vopsit Balayage este o tehnic\u0103 non-conformist\u0103, nou ap\u0103rut\u0103 \u00een materie de vopsit p\u0103r, pentru realizarea c\u0103reia ai nevoie de dou\u0103 sau trei culori de baz\u0103. \u00a0Tehnica este 100% manual\u0103 \u0219i personalizat\u0103, depinz\u00e2nd de m\u0103iestria stilistului \u0219i de capacitatea sa de a armoniza nuan\u021bele. Rezultatul este o armonie de culori \u00een diverse tonuri, provenite din \u00eembinarea treptat\u0103 a nuan\u021belor \u0219i d\u00e2nd impresia soarelui care se joac\u0103 \u00een p\u0103rul t\u0103u. Cool, nu?<\/p>\n<h2 style=\"text-align: center;\"><span style=\"font-weight: 400;\">Vopsit Ombre\u00a0<\/span><\/h2>\n<p><span style=\"font-weight: 400;\">Tehnica de vopsit ombre presupune vopsirea p\u0103rului, pe lungime, de la jum\u0103tate \u00een jos sau doar pe v\u00e2rfuri. Aceast\u0103 tehnic\u0103 presupune trecerea clar\u0103 de la o nuan\u021b\u0103 \u00eenchis\u0103 la o nuan\u021b\u0103 deschis\u0103 pe toat\u0103 lungimea firului pe p\u0103r \u0219i ajut\u0103 la generarea unui efect deosebit de lumini-umbre.\u00a0<\/span><\/p>\n\n\t\t<style type=\"text\/css\">\n\t\t\t#gallery-8 {\n\t\t\t\tmargin: auto;\n\t\t\t}\n\t\t\t#gallery-8 .gallery-item {\n\t\t\t\tfloat: left;\n\t\t\t\tmargin-top: 10px;\n\t\t\t\ttext-align: center;\n\t\t\t\twidth: 50%;\n\t\t\t}\n\t\t\t#gallery-8 img {\n\t\t\t\tborder: 2px solid #cfcfcf;\n\t\t\t}\n\t\t\t#gallery-8 .gallery-caption {\n\t\t\t\tmargin-left: 0;\n\t\t\t}\n\t\t\t\/* see gallery_shortcode() in wp-includes\/media.php *\/\n\t\t<\/style>\n\t\t<div id='gallery-8' class='gallery galleryid-2332 gallery-columns-2 gallery-size-large'><dl class='gallery-item'>\n\t\t\t<dt class='gallery-icon portrait'>\n\t\t\t\t<img decoding=\"async\" width=\"819\" height=\"1024\" src=\"https:\/\/salonmanifest.ro\/wp-content\/uploads\/2024\/05\/anamaria.palarie_20210313_132808-819x1024.jpg\" class=\"attachment-large size-large\" alt=\"\" \/>\n\t\t\t<\/dt><\/dl><dl class='gallery-item'>\n\t\t\t<dt class='gallery-icon portrait'>\n\t\t\t\t<img decoding=\"async\" width=\"819\" height=\"1024\" src=\"https:\/\/salonmanifest.ro\/wp-content\/uploads\/2024\/05\/anamaria.palarie_20210313_132819-1-819x1024.jpg\" class=\"attachment-large size-large\" alt=\"\" \/>\n\t\t\t<\/dt><\/dl><br style=\"clear: both\" \/>\n\t\t<\/div>\n\n<p><span style=\"font-weight: 400;\">P\u0103rul vopsit ombre a evoluat \u0219i, \u00een prezent, se folose\u0219te o palet\u0103 mai larg\u0103 de culori, fapt ce poate oferi p\u0103rului t\u0103u ni\u0219te contraste puternice. Op\u021biunile sunt nelimitate, iar nuan\u021bele sunt alese astfel \u00eenc\u00e2t s\u0103 te reprezinte. De la culori mai \u00eendr\u0103zne\u021be, p\u00e2n\u0103 la nuan\u021be deschise sau \u00eenchise po\u021bi \u00eencerca orice. Ca de exemplu, p\u0103rul natural brunet cu v\u00e2rfurile ro\u0219cate. \u00cen prezent, stilul se bucur\u0103 de o mare popularitate \u0219i lucrurile nu se vor schimba prea cur\u00e2nd.\u00a0<\/span><\/p>\n<h2 style=\"text-align: center;\"><span style=\"font-weight: 400;\">Vopsit suvite (highlights)\u00a0<\/span><\/h2>\n<p><span style=\"font-weight: 400;\">Nu vrei s\u0103 \u00ee\u021bi vopse\u0219ti complet p\u0103rul? Atunci po\u021bi \u00eencerca vopsitul \u0219uvi\u021belor! \u0218uvi\u021bele sunt alegerea potrivit\u0103 \u0219i se pot face at\u00e2t \u00een tonuri mai \u00eenchise, c\u00e2t \u0219i mai deschise, pentru a oferi p\u0103rului volum \u0219i a-\u021bi scoate \u00een eviden\u021b\u0103 tr\u0103s\u0103turile.<\/span><\/p>\n\n\t\t<style type=\"text\/css\">\n\t\t\t#gallery-9 {\n\t\t\t\tmargin: auto;\n\t\t\t}\n\t\t\t#gallery-9 .gallery-item {\n\t\t\t\tfloat: left;\n\t\t\t\tmargin-top: 10px;\n\t\t\t\ttext-align: center;\n\t\t\t\twidth: 50%;\n\t\t\t}\n\t\t\t#gallery-9 img {\n\t\t\t\tborder: 2px solid #cfcfcf;\n\t\t\t}\n\t\t\t#gallery-9 .gallery-caption {\n\t\t\t\tmargin-left: 0;\n\t\t\t}\n\t\t\t\/* see gallery_shortcode() in wp-includes\/media.php *\/\n\t\t<\/style>\n\t\t<div id='gallery-9' class='gallery galleryid-2332 gallery-columns-2 gallery-size-large'><dl class='gallery-item'>\n\t\t\t<dt class='gallery-icon portrait'>\n\t\t\t\t<img decoding=\"async\" width=\"819\" height=\"1024\" src=\"https:\/\/salonmanifest.ro\/wp-content\/uploads\/2024\/05\/remusrobu_20201210_092528-1-819x1024.jpg\" class=\"attachment-large size-large\" alt=\"\" \/>\n\t\t\t<\/dt><\/dl><dl class='gallery-item'>\n\t\t\t<dt class='gallery-icon portrait'>\n\t\t\t\t<img decoding=\"async\" width=\"819\" height=\"1024\" src=\"https:\/\/salonmanifest.ro\/wp-content\/uploads\/2024\/05\/iuliantimisica_20201015_105536-819x1024.jpg\" class=\"attachment-large size-large\" alt=\"\" \/>\n\t\t\t<\/dt><\/dl><br style=\"clear: both\" \/>\n\t\t<\/div>\n\n<p><span style=\"font-weight: 400;\">Dac\u0103 nu dore\u0219ti s\u0103 apelezi la ni\u0219te culori tradi\u021bionale, po\u021bi \u00eencerca \u0219uvi\u021be \u00een alte culori fa\u021b\u0103 de nuan\u021bele tale naturale. Vopsitul \u0219uvi\u021belor se potrive\u0219te oric\u0103rui tip de p\u0103r, indiferent de lungimea sau culoarea lui. Cu c\u00e2t sunt folosite mai multe nuan\u021be, p\u0103rul va c\u0103p\u0103ta un volum mai puternic. Avantajul \u0219uvi\u021belor este c\u0103 de fiecare dat\u0103 c\u00e2nd sim\u021bi nevoia, culoarea lor poate fi schimbat\u0103 sau re\u00eemprosp\u0103tat\u0103 dac\u0103 dore\u0219ti s\u0103 \u00ee\u021bi p\u0103strezi stilul.\u00a0<\/span><\/p>\n<h2 style=\"text-align: center;\"><span style=\"font-weight: 400;\">Vopsit in degrade\u00a0<\/span><\/h2>\n<p>Vopsitul \u00een degrade trece drept un look \u00eendr\u0103zne\u021b \u0219i de impact. E bine s\u0103 fii preg\u0103tit\u0103, pentru c\u0103, negre\u0219it, atrage toate privirile, mai ales c\u0103 po\u021bi alege din\u00a0o gam\u0103 larg\u0103 de nuan\u021be, astfel \u00eenc\u00e2t, p\u0103rul t\u0103u s\u0103 capete, \u00eentr-adev\u0103r, un vibe nou &#8211; \u0219i aici ne referim la nuan\u021be deschise de \u0219aten sau blond, ro\u0219cat sau tonuri de roz sau mov. Po\u021bi \u00eencerca \u0219i varianta cu r\u0103d\u0103cinile deschise \u0219i cu v\u00e2rfurile \u00eenchise.<\/p>\n\n\t\t<style type=\"text\/css\">\n\t\t\t#gallery-10 {\n\t\t\t\tmargin: auto;\n\t\t\t}\n\t\t\t#gallery-10 .gallery-item {\n\t\t\t\tfloat: left;\n\t\t\t\tmargin-top: 10px;\n\t\t\t\ttext-align: center;\n\t\t\t\twidth: 50%;\n\t\t\t}\n\t\t\t#gallery-10 img {\n\t\t\t\tborder: 2px solid #cfcfcf;\n\t\t\t}\n\t\t\t#gallery-10 .gallery-caption {\n\t\t\t\tmargin-left: 0;\n\t\t\t}\n\t\t\t\/* see gallery_shortcode() in wp-includes\/media.php *\/\n\t\t<\/style>\n\t\t<div id='gallery-10' class='gallery galleryid-2332 gallery-columns-2 gallery-size-large'><dl class='gallery-item'>\n\t\t\t<dt class='gallery-icon landscape'>\n\t\t\t\t<img decoding=\"async\" width=\"1024\" height=\"1024\" src=\"https:\/\/salonmanifest.ro\/wp-content\/uploads\/2024\/05\/iuliantimisica_20210313_213943-1024x1024.jpg\" class=\"attachment-large size-large\" alt=\"\" srcset=\"https:\/\/salonmanifest.ro\/wp-content\/uploads\/2024\/05\/iuliantimisica_20210313_213943-1024x1024.jpg 1024w, https:\/\/salonmanifest.ro\/wp-content\/uploads\/2024\/05\/iuliantimisica_20210313_213943-980x980.jpg 980w, https:\/\/salonmanifest.ro\/wp-content\/uploads\/2024\/05\/iuliantimisica_20210313_213943-480x480.jpg 480w\" sizes=\"(min-width: 0px) and (max-width: 480px) 480px, (min-width: 481px) and (max-width: 980px) 980px, (min-width: 981px) 1024px, 100vw\" \/>\n\t\t\t<\/dt><\/dl><dl class='gallery-item'>\n\t\t\t<dt class='gallery-icon landscape'>\n\t\t\t\t<img decoding=\"async\" width=\"1024\" height=\"1024\" src=\"https:\/\/salonmanifest.ro\/wp-content\/uploads\/2024\/05\/iuliantimisica_20210313_213946-1024x1024.jpg\" class=\"attachment-large size-large\" alt=\"\" srcset=\"https:\/\/salonmanifest.ro\/wp-content\/uploads\/2024\/05\/iuliantimisica_20210313_213946-1024x1024.jpg 1024w, https:\/\/salonmanifest.ro\/wp-content\/uploads\/2024\/05\/iuliantimisica_20210313_213946-980x979.jpg 980w, https:\/\/salonmanifest.ro\/wp-content\/uploads\/2024\/05\/iuliantimisica_20210313_213946-480x480.jpg 480w\" sizes=\"(min-width: 0px) and (max-width: 480px) 480px, (min-width: 481px) and (max-width: 980px) 980px, (min-width: 981px) 1024px, 100vw\" \/>\n\t\t\t<\/dt><\/dl><br style=\"clear: both\" \/>\n\t\t<\/div>\n\n<h2 style=\"text-align: center;\"><span style=\"font-weight: 400;\">Decolorare par<\/span><\/h2>\n<p>Dac\u0103 vrei s\u0103 ob\u021bii blondul perfect sau dac\u0103 vrei s\u0103 renun\u021bi la nuan\u021be \u00eenchise sau ro\u0219cate, decoloratul p\u0103rului va fi cea mai bun\u0103 metod\u0103. \u00cen func\u021bie de p\u0103rul t\u0103u, \u00een tehnicile clasice se va folosi oxidant de 6%, 9% sau 12%, dar nu \u00ee\u021bi face griji, noi, la Salon Man!fest folosim protocoale prefesionale de \u00eenalt\u0103 clas\u0103, care nu con\u021bin amoniac \u0219i care \u00ee\u021bi protejeaz\u0103 firul de p\u0103r in timpul color\u0103rii \u0219i decolor\u0103rii.<\/p>\n\n\t\t<style type=\"text\/css\">\n\t\t\t#gallery-11 {\n\t\t\t\tmargin: auto;\n\t\t\t}\n\t\t\t#gallery-11 .gallery-item {\n\t\t\t\tfloat: left;\n\t\t\t\tmargin-top: 10px;\n\t\t\t\ttext-align: center;\n\t\t\t\twidth: 50%;\n\t\t\t}\n\t\t\t#gallery-11 img {\n\t\t\t\tborder: 2px solid #cfcfcf;\n\t\t\t}\n\t\t\t#gallery-11 .gallery-caption {\n\t\t\t\tmargin-left: 0;\n\t\t\t}\n\t\t\t\/* see gallery_shortcode() in wp-includes\/media.php *\/\n\t\t<\/style>\n\t\t<div id='gallery-11' class='gallery galleryid-2332 gallery-columns-2 gallery-size-large'><dl class='gallery-item'>\n\t\t\t<dt class='gallery-icon portrait'>\n\t\t\t\t<img decoding=\"async\" width=\"819\" height=\"1024\" src=\"https:\/\/salonmanifest.ro\/wp-content\/uploads\/2024\/05\/remusrobu_20201210_092528-2-819x1024.jpg\" class=\"attachment-large size-large\" alt=\"\" \/>\n\t\t\t<\/dt><\/dl><dl class='gallery-item'>\n\t\t\t<dt class='gallery-icon portrait'>\n\t\t\t\t<img decoding=\"async\" width=\"819\" height=\"1024\" src=\"https:\/\/salonmanifest.ro\/wp-content\/uploads\/2024\/05\/remusrobu_20200625_113144-819x1024.jpg\" class=\"attachment-large size-large\" alt=\"\" \/>\n\t\t\t<\/dt><\/dl><br style=\"clear: both\" \/>\n\t\t<\/div>\n\n<p>Unul dintre acestea este faimosul<em> L\u2019Or\u00e9al Professionnel Blond Studio Multi-Techniques 8 Bonder Inside<\/em>, o pudr\u0103 iluminatoare marca L\u2019Or\u00e9al Professionnel, care permite realizarea celor dou\u0103 opera\u021biuni de decolorare-colorare \u00eempreun\u0103. Pudra decoloreaz\u0103 p\u00e2n\u0103 la opt nuan\u021be, iar formula de \u00eenalt\u0103 performan\u021b\u0103 \u0219i textura sa nevolatil\u0103 permit o aderen\u021b\u0103 optim\u0103, pentru a decolora eficient p\u0103rul \u0219i pentru a elimina pigmen\u021bii de culoare \u00eenchis\u0103.<\/p>\n<p><span style=\"font-weight: 400;\">Astfel, po\u021bi ob\u021bine acel blond deschis de care ai nevoie sau anumite nuan\u021be mai subtile, ca de exemplu: gri perl\u0103, roz pastel, sunset, mermaid \u0219i unicorn hair.<\/span><\/p>\n<div class=\"media-image \"><\/div>\n<h2 style=\"text-align: center;\"><span style=\"font-weight: 400;\">Modele de par vopsit in functie de lungime<\/span><\/h2>\n<p>[\/et_pb_text][et_pb_accordion _builder_version=&#8221;4.25.1&#8243; _module_preset=&#8221;default&#8221; hover_enabled=&#8221;0&#8243; sticky_enabled=&#8221;0&#8243;][et_pb_accordion_item title=&#8221;Vopsit par scurt&#8221; _builder_version=&#8221;4.25.1&#8243; _module_preset=&#8221;default&#8221; open=&#8221;on&#8221; hover_enabled=&#8221;0&#8243; sticky_enabled=&#8221;0&#8243;]<\/p>\n<p><span>P\u0103rul scurt are farmecul lui \u0219i poate fi aranjat \u00een fel \u0219i fel de moduri. Op\u021biunile pentru a vopsi un p\u0103r scurt nu sunt deloc limitate \u0219i po\u021bi alege dintr-o gam\u0103 larg\u0103 de culori. Pe p\u0103rul scurt po\u021bi alege o mul\u021bime de coafuri care s\u0103 fie adaptate \u0219i s\u0103 \u00ee\u021bi scoat\u0103 tr\u0103s\u0103turile \u00een eviden\u021b\u0103.<\/span><\/p>\n\n\t\t<style type=\"text\/css\">\n\t\t\t#gallery-12 {\n\t\t\t\tmargin: auto;\n\t\t\t}\n\t\t\t#gallery-12 .gallery-item {\n\t\t\t\tfloat: left;\n\t\t\t\tmargin-top: 10px;\n\t\t\t\ttext-align: center;\n\t\t\t\twidth: 50%;\n\t\t\t}\n\t\t\t#gallery-12 img {\n\t\t\t\tborder: 2px solid #cfcfcf;\n\t\t\t}\n\t\t\t#gallery-12 .gallery-caption {\n\t\t\t\tmargin-left: 0;\n\t\t\t}\n\t\t\t\/* see gallery_shortcode() in wp-includes\/media.php *\/\n\t\t<\/style>\n\t\t<div id='gallery-12' class='gallery galleryid-2332 gallery-columns-2 gallery-size-large'><dl class='gallery-item'>\n\t\t\t<dt class='gallery-icon portrait'>\n\t\t\t\t<img decoding=\"async\" width=\"819\" height=\"1024\" src=\"https:\/\/salonmanifest.ro\/wp-content\/uploads\/2024\/05\/mygiulia_20210210_151421-819x1024.jpg\" class=\"attachment-large size-large\" alt=\"\" \/>\n\t\t\t<\/dt><\/dl><dl class='gallery-item'>\n\t\t\t<dt class='gallery-icon portrait'>\n\t\t\t\t<img decoding=\"async\" width=\"862\" height=\"1024\" src=\"https:\/\/salonmanifest.ro\/wp-content\/uploads\/2024\/05\/20200318_155438-e1616835512667-2-862x1024.jpg\" class=\"attachment-large size-large\" alt=\"\" srcset=\"https:\/\/salonmanifest.ro\/wp-content\/uploads\/2024\/05\/20200318_155438-e1616835512667-2-862x1024.jpg 862w, https:\/\/salonmanifest.ro\/wp-content\/uploads\/2024\/05\/20200318_155438-e1616835512667-2-480x570.jpg 480w\" sizes=\"(min-width: 0px) and (max-width: 480px) 480px, (min-width: 481px) 862px, 100vw\" \/>\n\t\t\t<\/dt><\/dl><br style=\"clear: both\" \/>\n\t\t<\/div>\n\n<p><span>P\u0103rul vopsit \u00een culori vii a devenit la mod\u0103. Doar cu ajutorul unui profesionist \u00eei po\u021bi oferi p\u0103rului t\u0103u un look nou sau, dac\u0103 e\u0219ti curajoas\u0103, po\u021bi \u00eencerca acas\u0103 s\u0103-l faci dup\u0103 bunul t\u0103u plac.\u00a0<\/span><\/p>\n<p>[\/et_pb_accordion_item][et_pb_accordion_item title=&#8221;Vopsit par mediu&#8221; _builder_version=&#8221;4.25.1&#8243; _module_preset=&#8221;default&#8221; open=&#8221;off&#8221; hover_enabled=&#8221;0&#8243; sticky_enabled=&#8221;0&#8243;]<\/p>\n<p><span>De la variantele clasice la v\u00e2rfurile vopsite \u00een nuan\u021bele de pastel, p\u0103rul mediu &#8211; pentru c\u0103 este o lungime foarte des \u00eent\u00e2lnit\u0103, de\u021bine \u0219i cele mai multe varia\u021biuni de colorare.<\/span><\/p>\n\n\t\t<style type=\"text\/css\">\n\t\t\t#gallery-13 {\n\t\t\t\tmargin: auto;\n\t\t\t}\n\t\t\t#gallery-13 .gallery-item {\n\t\t\t\tfloat: left;\n\t\t\t\tmargin-top: 10px;\n\t\t\t\ttext-align: center;\n\t\t\t\twidth: 50%;\n\t\t\t}\n\t\t\t#gallery-13 img {\n\t\t\t\tborder: 2px solid #cfcfcf;\n\t\t\t}\n\t\t\t#gallery-13 .gallery-caption {\n\t\t\t\tmargin-left: 0;\n\t\t\t}\n\t\t\t\/* see gallery_shortcode() in wp-includes\/media.php *\/\n\t\t<\/style>\n\t\t<div id='gallery-13' class='gallery galleryid-2332 gallery-columns-2 gallery-size-large'><dl class='gallery-item'>\n\t\t\t<dt class='gallery-icon landscape'>\n\t\t\t\t<img decoding=\"async\" width=\"1024\" height=\"1024\" src=\"https:\/\/salonmanifest.ro\/wp-content\/uploads\/2024\/05\/remusrobu_20200616_083935-1024x1024.jpg\" class=\"attachment-large size-large\" alt=\"\" srcset=\"https:\/\/salonmanifest.ro\/wp-content\/uploads\/2024\/05\/remusrobu_20200616_083935-1024x1024.jpg 1024w, https:\/\/salonmanifest.ro\/wp-content\/uploads\/2024\/05\/remusrobu_20200616_083935-980x980.jpg 980w, https:\/\/salonmanifest.ro\/wp-content\/uploads\/2024\/05\/remusrobu_20200616_083935-480x480.jpg 480w\" sizes=\"(min-width: 0px) and (max-width: 480px) 480px, (min-width: 481px) and (max-width: 980px) 980px, (min-width: 981px) 1024px, 100vw\" \/>\n\t\t\t<\/dt><\/dl><dl class='gallery-item'>\n\t\t\t<dt class='gallery-icon landscape'>\n\t\t\t\t<img decoding=\"async\" width=\"1024\" height=\"1024\" src=\"https:\/\/salonmanifest.ro\/wp-content\/uploads\/2024\/05\/iuliantimisica_20201008_122718-1-1024x1024.jpg\" class=\"attachment-large size-large\" alt=\"\" srcset=\"https:\/\/salonmanifest.ro\/wp-content\/uploads\/2024\/05\/iuliantimisica_20201008_122718-1-1024x1024.jpg 1024w, https:\/\/salonmanifest.ro\/wp-content\/uploads\/2024\/05\/iuliantimisica_20201008_122718-1-980x980.jpg 980w, https:\/\/salonmanifest.ro\/wp-content\/uploads\/2024\/05\/iuliantimisica_20201008_122718-1-480x480.jpg 480w\" sizes=\"(min-width: 0px) and (max-width: 480px) 480px, (min-width: 481px) and (max-width: 980px) 980px, (min-width: 981px) 1024px, 100vw\" \/>\n\t\t\t<\/dt><\/dl><br style=\"clear: both\" \/>\n\t\t<\/div>\n\n<p><span>Negru ca pana corbului, baby blond sau icy-blond, ro\u0219cat sau \u0219aten cu nuan\u021be de miere ca s\u0103 \u00ee\u021bi complimenteze tenul, o \u00eentreag\u0103 palet\u0103 de culori potrivite st\u0103rii tale interioare.\u00a0 \u00cen plus, nuan\u021be de pastel, roz, albastru, mov, verde, cenu\u0219iu, portocaliu sau chiar galben aprins sunt doar c\u00e2teva idei de culori pe care le po\u021bi folosi pentru un look juc\u0103u\u0219 sau simpatic. Vopseaua de nou\u0103 genera\u021bie permite schimb\u0103ri sigure \u0219i controlate, care \u00ee\u021bi \u0219i protejeaz\u0103 firul \u0219i scalpul.<\/span><\/p>\n<p>[\/et_pb_accordion_item][et_pb_accordion_item title=&#8221;Vopsit par lung&#8221; _builder_version=&#8221;4.25.1&#8243; _module_preset=&#8221;default&#8221; hover_enabled=&#8221;0&#8243; sticky_enabled=&#8221;0&#8243;]<\/p>\n<p><span>Un p\u0103r lung \u0219i \u00eengrijit este m\u00e2ndria unei femei; dar pentru a-l p\u0103stra frumos \u0219i s\u0103n\u0103tos, ai nevoie de un ritual zilnic mai ales dac\u0103 obi\u0219nuie\u0219ti s\u0103 \u00eel vopse\u0219ti des. Dac\u0103 nu folose\u0219ti\u00a0produsele potrivite e posibil ca p\u0103rul t\u0103u s\u0103 prind\u0103 un aspect nes\u0103n\u0103tos. Tradi\u021bional, sulfa\u021bii, parabenii \u0219i sodiul din vopsea afecteaz\u0103 aproape ireversibil podoab\u0103 capilar\u0103. Prin cercet\u0103ri profunde \u0219i \u00eendelungate, produc\u0103torii au \u00eencercat \u00eenl\u0103turarea lor\u00a0 &#8211; \u0219i au \u0219i reu\u0219it &#8211; aproape complet. De aceea, g\u0103se\u0219ti \u00een r\u00e2ndurile de mai sus recomandarea de a opta pentru produse profesionale. Multe dintre acestea sunt lipsite de \u201cchimicale\u201d d\u0103un\u0103toare precum sulfatul. Produsele cu ZERO sulfat las\u0103 p\u0103rul hidratat \u0219i scalpul s\u0103n\u0103tos.\u00a0<\/span><\/p>\n<p><span><\/span><\/p>\n\n\t\t<style type=\"text\/css\">\n\t\t\t#gallery-14 {\n\t\t\t\tmargin: auto;\n\t\t\t}\n\t\t\t#gallery-14 .gallery-item {\n\t\t\t\tfloat: left;\n\t\t\t\tmargin-top: 10px;\n\t\t\t\ttext-align: center;\n\t\t\t\twidth: 50%;\n\t\t\t}\n\t\t\t#gallery-14 img {\n\t\t\t\tborder: 2px solid #cfcfcf;\n\t\t\t}\n\t\t\t#gallery-14 .gallery-caption {\n\t\t\t\tmargin-left: 0;\n\t\t\t}\n\t\t\t\/* see gallery_shortcode() in wp-includes\/media.php *\/\n\t\t<\/style>\n\t\t<div id='gallery-14' class='gallery galleryid-2332 gallery-columns-2 gallery-size-large'><dl class='gallery-item'>\n\t\t\t<dt class='gallery-icon portrait'>\n\t\t\t\t<img decoding=\"async\" width=\"819\" height=\"1024\" src=\"https:\/\/salonmanifest.ro\/wp-content\/uploads\/2024\/05\/sarualexandra_20200708_111934-2-819x1024.jpg\" class=\"attachment-large size-large\" alt=\"\" \/>\n\t\t\t<\/dt><\/dl><dl class='gallery-item'>\n\t\t\t<dt class='gallery-icon portrait'>\n\t\t\t\t<img decoding=\"async\" width=\"819\" height=\"1024\" src=\"https:\/\/salonmanifest.ro\/wp-content\/uploads\/2024\/05\/alin.lev_20201209_132520-2-819x1024.jpg\" class=\"attachment-large size-large\" alt=\"\" \/>\n\t\t\t<\/dt><\/dl><br style=\"clear: both\" \/>\n\t\t<\/div>\n\n<p><span>Ca s\u0103 te convingem &#8211; sulfa\u021bii sunt o component\u0103 de baz\u0103 \u00een produsele de cur\u0103\u021benie, denumi\u021bi \u0219i agen\u021bi activi de suprafa\u021b\u0103. Prin intermediul lor se creeaz\u0103 spum\u0103 \u0219i acel &#8220;sc\u00e2r\u021b\u00e2it&#8221; dup\u0103 sp\u0103lare \u0219i de aceea se reg\u0103sesc \u00een \u0219ampoane. \u00cens\u0103, &#8220;sc\u00e2r\u021b\u00e2itul&#8221; se ob\u021bine pentru c\u0103, \u00een esen\u021b\u0103, sulfa\u021bii &#8220;cura\u021b\u0103&#8221; uleiurile naturale\u00a0din\u00a0firul de\u00a0p\u0103r\u00a0\u0219i, de principiu, au un efect abraziv.\u00a0<\/span><\/p>\n<p><span>Dau irita\u021bii, ro\u0219ea\u021b\u0103, m\u00e2nc\u0103rime \u0219i chiar tumefiere a scalpului. \u00cen aceea\u0219i m\u0103sur\u0103, \u00eendep\u0103rteaz\u0103 culoarea \u0219i reduc hidratarea. De aceea, e o gre\u0219eal\u0103 s\u0103 folosi\u021bi \u0219ampoane sau orice fel de produse pe baz\u0103 de sulfa\u021bi. \u00cen ani de folosire, uzur\u0103 se instaleaz\u0103 \u0219i se resimte &#8211; volum sc\u0103zut, uscare excesiv\u0103, multe fire pierdute.<\/span><\/p>\n<p>[\/et_pb_accordion_item][\/et_pb_accordion][\/et_pb_column][\/et_pb_row][\/et_pb_section]<\/p>\n","protected":false},"excerpt":{"rendered":"<p>&nbsp; \u201cSenza\u021bia pe care o am atunci c\u00e2nd urmeaz\u0103 s\u0103 vopsesc e\u00a0precum cea din fa\u021ba unei foi albe, c\u00e2nd \u021bii pensula \u00een m\u00e2n\u0103. Pentru cel care prive\u0219te, faci un act de magie.\u201d &nbsp; Florin Noje, Ambasador L&#8217;Or\u00e9al Professionnel &nbsp; Ai sim\u021bit, nu-i a\u0219a, un sentiment accentuat de entuziasm dup\u0103 ce ai ales s\u0103 modifici ceva [&hellip;]<\/p>\n","protected":false},"author":1,"featured_media":551,"parent":0,"menu_order":0,"comment_status":"closed","ping_status":"closed","template":"","meta":{"_et_pb_use_builder":"on","_et_pb_old_content":"<blockquote>\n<p style=\"text-align: center; font-weight: normal; font-size: 18px;\"><i><span style=\"font-weight: 400;\">\u201cSenza\u021bia pe care o am atunci c\u00e2nd urmeaz\u0103 s\u0103 vopsesc e\u00a0precum cea din fa\u021ba unei foi albe, <\/span><\/i><i><span style=\"font-weight: 400;\">c\u00e2nd \u021bii pensula \u00een m\u00e2n\u0103. Pentru cel care prive\u0219te, faci un act de magie.\u201d<\/span><\/i><\/p>\n\n<h5 style=\"text-align: center;\">Florin Noje, Ambasador L'Or\u00e9al Professionnel<\/h5>\n<\/blockquote>\n<span style=\"font-weight: 400;\">Ai sim\u021bit, nu-i a\u0219a, un sentiment accentuat de entuziasm dup\u0103 ce ai ales s\u0103 modifici ceva \u00een via\u021ba ta? Femeile au inventat speciali\u0219tii \u00een vopsirea p\u0103rului. <\/span><span style=\"font-weight: 400;\">Senza\u021bia pe care o am atunci c\u00e2nd urmeaz\u0103 s\u0103 vopsesc e precum cea din fa\u021ba unei foi albe, <\/span><span style=\"font-weight: 400;\">c\u00e2nd \u021bii pensula \u00een m\u00e2n\u0103. Pentru cel care prive\u0219te, faci un act de magie.<\/span>\n\n<span style=\"font-weight: 400;\">\u00cen ceea ce te prive\u0219te pe tine, cititoareo, cum te pozi\u021bionezi fa\u021b\u0103 de ritualul acesta interesant de frumuse\u021be? E un gest absolut de rupere de ritm, de suflu nou sau o colorare, un paravan al firelor albe, o nevoie dictat\u0103 de genetic\u0103, un fel de bifare a taskului \u201csalon tuns\u201d pe lista tipic\u0103 de \u00eentre\u021binere a frumuse\u021bii?<\/span>\n\n<span style=\"font-weight: 400;\">De oricare parte a baricadei ai fi, suntem aici ca s\u0103 te ajut\u0103m s\u0103 \u00een\u021belegi ce se petrece, din punct de vedere tehnic, atunci c\u00e2nd vopsim p\u0103rul. Gra\u021bie \u00eenaltei tehnologii \u0219i cercet\u0103rilor de ultim\u0103 genera\u021bie, produsele aplicate sunt din ce \u00een ce mai confortabile, dar o vopsire nu este \u00eentotdeauna inofensiv\u0103.\u00a0<\/span>\n<div class=\"media-image \"><\/div>\n<div class=\"media-body text-center\"><\/div>\n<blockquote>\n<div class=\"container list-grid\">\n<div class=\"grid\">\n<div id=\"layers-widget-column-11-256\" class=\"layers-widget-column-11-256 layers-masonry-column layers-widget-column-256 span-6 first column has-image\">\n<div class=\"media image-top medium\">\n<div class=\"media-body text-center\" style=\"text-align: center;\">\n<div class=\"excerpt\"><\/div>\n<\/div>\n<\/div>\n<\/div>\n<\/div>\n<\/div><\/blockquote>\n<p style=\"text-align: center;\"><strong>Florin Noje ne poveste\u0219te faptul c\u0103 exist\u0103 dou\u0103 tipuri de vopsire:\u00a0<\/strong><\/p>\n\n<ul>\n \t<li style=\"font-weight: 400;\" aria-level=\"1\"><span style=\"font-weight: 400;\">vopsirea semipermanenta sau temporar\u0103 - impregnarea p\u0103rului cu diverse substan\u021be colorate care se estompeaz\u0103 dup\u0103 sp\u0103lare. Ce o face deosebit\u0103 e c\u0103 nu determin\u0103 modific\u0103ri ale melaninei naturale, pentru c\u0103 r\u0103m\u00e2ne la periferia firului \u0219i nu p\u0103trunde \u00een miezul s\u0103u. Este eficient\u0103 pentru primele fire albe.<\/span><\/li>\n<\/ul>\n[gallery link=\"none\" columns=\"2\" size=\"full\" ids=\"522,517\"]\n<ul>\n \t<li style=\"font-weight: 400;\" aria-level=\"1\"><span style=\"font-weight: 400;\">vopsirea de oxidare sau permanent\u0103 - adaptat\u0103 pentru cantit\u0103\u021bi mari de fire albe. Aceast\u0103 p\u0103trunde, datorit\u0103 unui proces chimic special, p\u00e2n\u0103 \u00een miezul firului de p\u0103r \u0219i \u00eel decoloreaz\u0103 mai \u00eent\u00e2i (pentru a elimina toat\u0103 melanina natural\u0103), iar ulterior \u00eel recoloreaz\u0103 \u00een nuan\u021ba aleas\u0103.<\/span><\/li>\n<\/ul>\n<p style=\"text-align: center;\"><\/p>\n\n<h2><\/h2>\n<h2 style=\"text-align: center;\"><span style=\"font-weight: 400;\">Vopsit Balayage<\/span><\/h2>\n<span style=\"font-weight: 400;\">Dac\u0103 dore\u0219ti un look natural care s\u0103-i ofere p\u0103rului t\u0103u un efect natural \u0219i delicat, atunci po\u021bi \u00eencerca tehnica Balayage, renumit\u0103 pentru c\u0103 scoate \u00een eviden\u021b\u0103 tr\u0103s\u0103turile fe\u021bei \u0219i confer\u0103 o expresivitate mai accentuat\u0103. Cine nu \u00ee\u0219i dore\u0219te ochi sau buze puse \u00een eviden\u021b\u0103?<\/span>\n\n[gallery link=\"none\" columns=\"2\" size=\"full\" ids=\"2345,2346\"]\n\nTehnica de vopsit Balayage este o tehnic\u0103 non-conformist\u0103, nou ap\u0103rut\u0103 \u00een materie de vopsit p\u0103r, pentru realizarea c\u0103reia ai nevoie de dou\u0103 sau trei culori de baz\u0103. \u00a0Tehnica este 100% manual\u0103 \u0219i personalizat\u0103, depinz\u00e2nd de m\u0103iestria stilistului \u0219i de capacitatea sa de a armoniza nuan\u021bele. Rezultatul este o armonie de culori \u00een diverse tonuri, provenite din \u00eembinarea treptat\u0103 a nuan\u021belor \u0219i d\u00e2nd impresia soarelui care se joac\u0103 \u00een p\u0103rul t\u0103u. Cool, nu?\n<h2 style=\"text-align: center;\"><span style=\"font-weight: 400;\">Vopsit Ombre\u00a0<\/span><\/h2>\n<span style=\"font-weight: 400;\">Tehnica de vopsit ombre presupune vopsirea p\u0103rului, pe lungime, de la jum\u0103tate \u00een jos sau doar pe v\u00e2rfuri. Aceast\u0103 tehnic\u0103 presupune trecerea clar\u0103 de la o nuan\u021b\u0103 \u00eenchis\u0103 la o nuan\u021b\u0103 deschis\u0103 pe toat\u0103 lungimea firului pe p\u0103r \u0219i ajut\u0103 la generarea unui efect deosebit de lumini-umbre.\u00a0<\/span>\n\n[gallery link=\"none\" columns=\"2\" size=\"large\" ids=\"2347,2348\"]\n\n<span style=\"font-weight: 400;\">P\u0103rul vopsit ombre a evoluat \u0219i, \u00een prezent, se folose\u0219te o palet\u0103 mai larg\u0103 de culori, fapt ce poate oferi p\u0103rului t\u0103u ni\u0219te contraste puternice. Op\u021biunile sunt nelimitate, iar nuan\u021bele sunt alese astfel \u00eenc\u00e2t s\u0103 te reprezinte. De la culori mai \u00eendr\u0103zne\u021be, p\u00e2n\u0103 la nuan\u021be deschise sau \u00eenchise po\u021bi \u00eencerca orice. Ca de exemplu, p\u0103rul natural brunet cu v\u00e2rfurile ro\u0219cate. \u00cen prezent, stilul se bucur\u0103 de o mare popularitate \u0219i lucrurile nu se vor schimba prea cur\u00e2nd.\u00a0<\/span>\n<h2 style=\"text-align: center;\"><span style=\"font-weight: 400;\">Vopsit suvite (highlights)\u00a0<\/span><\/h2>\n<span style=\"font-weight: 400;\">Nu vrei s\u0103 \u00ee\u021bi vopse\u0219ti complet p\u0103rul? Atunci po\u021bi \u00eencerca vopsitul \u0219uvi\u021belor! \u0218uvi\u021bele sunt alegerea potrivit\u0103 \u0219i se pot face at\u00e2t \u00een tonuri mai \u00eenchise, c\u00e2t \u0219i mai deschise, pentru a oferi p\u0103rului volum \u0219i a-\u021bi scoate \u00een eviden\u021b\u0103 tr\u0103s\u0103turile.<\/span>\n\n[gallery link=\"none\" columns=\"2\" size=\"large\" ids=\"2349,2350\"]\n\n<span style=\"font-weight: 400;\">Dac\u0103 nu dore\u0219ti s\u0103 apelezi la ni\u0219te culori tradi\u021bionale, po\u021bi \u00eencerca \u0219uvi\u021be \u00een alte culori fa\u021b\u0103 de nuan\u021bele tale naturale. Vopsitul \u0219uvi\u021belor se potrive\u0219te oric\u0103rui tip de p\u0103r, indiferent de lungimea sau culoarea lui. Cu c\u00e2t sunt folosite mai multe nuan\u021be, p\u0103rul va c\u0103p\u0103ta un volum mai puternic. Avantajul \u0219uvi\u021belor este c\u0103 de fiecare dat\u0103 c\u00e2nd sim\u021bi nevoia, culoarea lor poate fi schimbat\u0103 sau re\u00eemprosp\u0103tat\u0103 dac\u0103 dore\u0219ti s\u0103 \u00ee\u021bi p\u0103strezi stilul.\u00a0<\/span>\n<h2 style=\"text-align: center;\"><span style=\"font-weight: 400;\">Vopsit in degrade\u00a0<\/span><\/h2>\nVopsitul \u00een degrade trece drept un look \u00eendr\u0103zne\u021b \u0219i de impact. E bine s\u0103 fii preg\u0103tit\u0103, pentru c\u0103, negre\u0219it, atrage toate privirile, mai ales c\u0103 po\u021bi alege din\u00a0o gam\u0103 larg\u0103 de nuan\u021be, astfel \u00eenc\u00e2t, p\u0103rul t\u0103u s\u0103 capete, \u00eentr-adev\u0103r, un vibe nou - \u0219i aici ne referim la nuan\u021be deschise de \u0219aten sau blond, ro\u0219cat sau tonuri de roz sau mov. Po\u021bi \u00eencerca \u0219i varianta cu r\u0103d\u0103cinile deschise \u0219i cu v\u00e2rfurile \u00eenchise.\n\n[gallery link=\"none\" columns=\"2\" size=\"large\" ids=\"2351,2352\"]\n<h2 style=\"text-align: center;\"><span style=\"font-weight: 400;\">Decolorare par<\/span><\/h2>\nDac\u0103 vrei s\u0103 ob\u021bii blondul perfect sau dac\u0103 vrei s\u0103 renun\u021bi la nuan\u021be \u00eenchise sau ro\u0219cate, decoloratul p\u0103rului va fi cea mai bun\u0103 metod\u0103. \u00cen func\u021bie de p\u0103rul t\u0103u, \u00een tehnicile clasice se va folosi oxidant de 6%, 9% sau 12%, dar nu \u00ee\u021bi face griji, noi, la Salon Man!fest folosim protocoale prefesionale de \u00eenalt\u0103 clas\u0103, care nu con\u021bin amoniac \u0219i care \u00ee\u021bi protejeaz\u0103 firul de p\u0103r in timpul color\u0103rii \u0219i decolor\u0103rii.\n\n[gallery link=\"none\" columns=\"2\" size=\"large\" ids=\"2353,2354\"]\n\nUnul dintre acestea este faimosul<em> L\u2019Or\u00e9al Professionnel Blond Studio Multi-Techniques 8 Bonder Inside<\/em>, o pudr\u0103 iluminatoare marca L\u2019Or\u00e9al Professionnel, care permite realizarea celor dou\u0103 opera\u021biuni de decolorare-colorare \u00eempreun\u0103. Pudra decoloreaz\u0103 p\u00e2n\u0103 la opt nuan\u021be, iar formula de \u00eenalt\u0103 performan\u021b\u0103 \u0219i textura sa nevolatil\u0103 permit o aderen\u021b\u0103 optim\u0103, pentru a decolora eficient p\u0103rul \u0219i pentru a elimina pigmen\u021bii de culoare \u00eenchis\u0103.\n\n<span style=\"font-weight: 400;\">Astfel, po\u021bi ob\u021bine acel blond deschis de care ai nevoie sau anumite nuan\u021be mai subtile, ca de exemplu: gri perl\u0103, roz pastel, sunset, mermaid \u0219i unicorn hair.<\/span>\n<div class=\"media-image \"><\/div>\n<h2 style=\"text-align: center;\"><span style=\"font-weight: 400;\">Modele de par vopsit in functie de lungime<\/span><\/h2>","_et_gb_content_width":"1080","footnotes":""},"class_list":["post-2332","page","type-page","status-publish","has-post-thumbnail","hentry"],"_links":{"self":[{"href":"https:\/\/salonmanifest.ro\/index.php?rest_route=\/wp\/v2\/pages\/2332","targetHints":{"allow":["GET"]}}],"collection":[{"href":"https:\/\/salonmanifest.ro\/index.php?rest_route=\/wp\/v2\/pages"}],"about":[{"href":"https:\/\/salonmanifest.ro\/index.php?rest_route=\/wp\/v2\/types\/page"}],"author":[{"embeddable":true,"href":"https:\/\/salonmanifest.ro\/index.php?rest_route=\/wp\/v2\/users\/1"}],"replies":[{"embeddable":true,"href":"https:\/\/salonmanifest.ro\/index.php?rest_route=%2Fwp%2Fv2%2Fcomments&post=2332"}],"version-history":[{"count":0,"href":"https:\/\/salonmanifest.ro\/index.php?rest_route=\/wp\/v2\/pages\/2332\/revisions"}],"wp:featuredmedia":[{"embeddable":true,"href":"https:\/\/salonmanifest.ro\/index.php?rest_route=\/wp\/v2\/media\/551"}],"wp:attachment":[{"href":"https:\/\/salonmanifest.ro\/index.php?rest_route=%2Fwp%2Fv2%2Fmedia&parent=2332"}],"curies":[{"name":"wp","href":"https:\/\/api.w.org\/{rel}","templated":true}]}}